{"id":136,"date":"2023-01-10T18:32:29","date_gmt":"2023-01-10T18:32:29","guid":{"rendered":"https:\/\/observatoireadl.net\/siet\/?page_id=136"},"modified":"2023-01-17T13:40:25","modified_gmt":"2023-01-17T13:40:25","slug":"articles-de-presse","status":"publish","type":"page","link":"https:\/\/observatoireadl.net\/siet\/articles-de-presse\/","title":{"rendered":"Articles de presse"},"content":{"rendered":"\r\n\r\n\t<a href=\"#\"class=\"sld_scrollToTop\">Scroll To Top<\/a>\r\n\r\n<!--  Starting Simple Link Directory Plugin Output -->\r\n\r\n<div class=\"qcopd-list-wrapper\" ><div id=\"opd-list-holder\" class=\"qc-grid qcopd-list-holder\">\r\n\t\t\r\n\r\n\t\t<div id=\"qcopd-list-1-134\" class=\"qc-grid-item qcopd-list-column opd-column-2 style-1 opd-list-id-134\">\r\n\r\n\t\t\t<div class=\"qcopd-single-list-1\">\r\n\t\t\t\t\r\n\t\t\t\t<h2>\r\n\t\t\t\t\tEnvironnement \/ F\u00f4resterie\t\t\t\t<\/h2>\r\n\t\t\t\t<ul class=\"ca-menu\">\r\n\t\t\t\t\t\t\t\t\t\t\t\t\t\t\t\r\n\t\t\t\t\t<li id=\"item-134-1\" style=\"\">\r\n\t\t\t\t\t\t\t\t\t\t\t\t<!-- List Anchor -->\r\n\t\t\t\t\t\t<a  href=\"https:\/\/www.koldanews.com\/2022\/07\/01\/protection-des-forets-sos-environnement-pour-la-mise-en-place-dune-coalition-sous-regionale-a1548210.html\" target=\"_blank\">\r\n\r\n\t\t\t\t\t\t\t<!-- Image, If Present -->\r\n\t\t\t\t\t\t\t\t\t\t\t\t\t\t\t<span class=\"ca-icon list-img-1\">\r\n\t\t\t\t\t\t\t\t\t\t\t\t\t\t\t\t\t\t<img decoding=\"async\" src=\"https:\/\/observatoireadl.net\/siet\/wp-content\/uploads\/2023\/01\/link-150x150.png\" alt=\"Protection des for\u00eats : SOS Environnement pour la mise en place d\u2019une coalition sous r\u00e9gionale\">\r\n\t\t\t\t\t\t\t\t<\/span>\r\n\t\t\t\t\t\t\t\r\n\t\t\t\t\t\t\t<!-- Link Text -->\r\n\t\t\t\t\t\t\t<div class=\"ca-content\">\r\n                                <h3 class=\"ca-main subtitle-absent\">\r\n\t\t\t\t\t\t\t\tProtection des for\u00eats : SOS Environnement pour la mise en place d\u2019une coalition sous r\u00e9gionale                                <\/h3>\r\n                                \t                                <p class=\"ca-sub\">\r\n\t                                \t                                <\/p>\r\n\t                                                        <\/div>\r\n\r\n\t\t\t\t\t\t<\/a>\r\n\t\t\t\t\t\t\r\n\t\t\t\t\t\t\t<!-- upvote section -->\r\n\t\t\t\t\t\t\t<div class=\"upvote-section\">\r\n\t\t\t\t\t\t\t\t<span data-post-id=\"134\" data-item-title=\"Protection des for\u00eats : SOS Environnement pour la mise en place d\u2019une coalition sous r\u00e9gionale\" data-item-link=\"https:\/\/www.koldanews.com\/2022\/07\/01\/protection-des-forets-sos-environnement-pour-la-mise-en-place-dune-coalition-sous-regionale-a1548210.html\" class=\"upvote-btn upvote-on\">\r\n\t\t\t\t\t\t\t\t\t<i class=\"fa fa-thumbs-up\"><\/i>\r\n\t\t\t\t\t\t\t\t<\/span>\r\n\t\t\t\t\t\t\t\t<span class=\"upvote-count\">\r\n\t\t\t\t\t\t\t\t\t7\t\t\t\t\t\t\t\t<\/span>\r\n\t\t\t\t\t\t\t<\/div>\r\n\t\t\t\t\t\t\t<!-- \/upvote section -->\r\n\r\n\t\t\t\t\t\t\t\t\t\t\t\t\r\n\t\t\t\t\t\t\t\t\t\t\t\t\r\n\t\t\t\t\t<\/li>\r\n\t\t\t\t\t\t\t\t\t\t\r\n\t\t\t\t\t<li id=\"item-134-2\" style=\"\">\r\n\t\t\t\t\t\t\t\t\t\t\t\t<!-- List Anchor -->\r\n\t\t\t\t\t\t<a  href=\"https:\/\/www.koldanews.com\/2022\/08\/12\/exploitation-des-ressources-forestieres-une-tendance-baissiere-des-infractions-constatee-a-kolda-iref-a1554028.html\" target=\"_blank\">\r\n\r\n\t\t\t\t\t\t\t<!-- Image, If Present -->\r\n\t\t\t\t\t\t\t\t\t\t\t\t\t\t\t<span class=\"ca-icon list-img-1\">\r\n\t\t\t\t\t\t\t\t\t\t\t\t\t\t\t\t\t\t<img decoding=\"async\" src=\"https:\/\/observatoireadl.net\/siet\/wp-content\/uploads\/2023\/01\/link-150x150.png\" alt=\"Exploitation des ressources foresti\u00e8res : une tendance baissi\u00e8re des infractions constat\u00e9e \u00e0 Kolda (IREF) By Isma\u00efla MANSAL\">\r\n\t\t\t\t\t\t\t\t<\/span>\r\n\t\t\t\t\t\t\t\r\n\t\t\t\t\t\t\t<!-- Link Text -->\r\n\t\t\t\t\t\t\t<div class=\"ca-content\">\r\n                                <h3 class=\"ca-main subtitle-absent\">\r\n\t\t\t\t\t\t\t\tExploitation des ressources foresti\u00e8res : une tendance baissi\u00e8re des infractions constat\u00e9e \u00e0 Kolda (IREF) By Isma\u00efla MANSAL                                <\/h3>\r\n                                \t                                <p class=\"ca-sub\">\r\n\t                                \t                                <\/p>\r\n\t                                                        <\/div>\r\n\r\n\t\t\t\t\t\t<\/a>\r\n\t\t\t\t\t\t\r\n\t\t\t\t\t\t\t<!-- upvote section -->\r\n\t\t\t\t\t\t\t<div class=\"upvote-section\">\r\n\t\t\t\t\t\t\t\t<span data-post-id=\"134\" data-item-title=\"Exploitation des ressources foresti\u00e8res : une tendance baissi\u00e8re des infractions constat\u00e9e \u00e0 Kolda (IREF) By Isma\u00efla MANSAL\" data-item-link=\"https:\/\/www.koldanews.com\/2022\/08\/12\/exploitation-des-ressources-forestieres-une-tendance-baissiere-des-infractions-constatee-a-kolda-iref-a1554028.html\" class=\"upvote-btn upvote-on\">\r\n\t\t\t\t\t\t\t\t\t<i class=\"fa fa-thumbs-up\"><\/i>\r\n\t\t\t\t\t\t\t\t<\/span>\r\n\t\t\t\t\t\t\t\t<span class=\"upvote-count\">\r\n\t\t\t\t\t\t\t\t\t10\t\t\t\t\t\t\t\t<\/span>\r\n\t\t\t\t\t\t\t<\/div>\r\n\t\t\t\t\t\t\t<!-- \/upvote section -->\r\n\r\n\t\t\t\t\t\t\t\t\t\t\t\t\r\n\t\t\t\t\t\t\t\t\t\t\t\t\r\n\t\t\t\t\t<\/li>\r\n\t\t\t\t\t\t\t\t\t\t\r\n\t\t\t\t\t<li id=\"item-134-3\" style=\"\">\r\n\t\t\t\t\t\t\t\t\t\t\t\t<!-- List Anchor -->\r\n\t\t\t\t\t\t<a  href=\"https:\/\/www.koldanews.com\/2022\/11\/08\/developpement-territorial-les-acteurs-de-kolda-a-lecole-des-outils-de-planification-et-de-gestion-du-pdec-a1564333.html\" target=\"_blank\">\r\n\r\n\t\t\t\t\t\t\t<!-- Image, If Present -->\r\n\t\t\t\t\t\t\t\t\t\t\t\t\t\t\t<span class=\"ca-icon list-img-1\">\r\n\t\t\t\t\t\t\t\t\t\t\t\t\t\t\t\t\t\t<img decoding=\"async\" src=\"https:\/\/observatoireadl.net\/siet\/wp-content\/uploads\/2023\/01\/link-150x150.png\" alt=\"D\u00e9veloppement territorial : les acteurs de Kolda \u00e0 l\u2019\u00e9cole des outils de planification\">\r\n\t\t\t\t\t\t\t\t<\/span>\r\n\t\t\t\t\t\t\t\r\n\t\t\t\t\t\t\t<!-- Link Text -->\r\n\t\t\t\t\t\t\t<div class=\"ca-content\">\r\n                                <h3 class=\"ca-main subtitle-absent\">\r\n\t\t\t\t\t\t\t\tD\u00e9veloppement territorial : les acteurs de Kolda \u00e0 l\u2019\u00e9cole des outils de planification                                <\/h3>\r\n                                \t                                <p class=\"ca-sub\">\r\n\t                                \t                                <\/p>\r\n\t                                                        <\/div>\r\n\r\n\t\t\t\t\t\t<\/a>\r\n\t\t\t\t\t\t\r\n\t\t\t\t\t\t\t<!-- upvote section -->\r\n\t\t\t\t\t\t\t<div class=\"upvote-section\">\r\n\t\t\t\t\t\t\t\t<span data-post-id=\"134\" data-item-title=\"D\u00e9veloppement territorial : les acteurs de Kolda \u00e0 l\u2019\u00e9cole des outils de planification\" data-item-link=\"https:\/\/www.koldanews.com\/2022\/11\/08\/developpement-territorial-les-acteurs-de-kolda-a-lecole-des-outils-de-planification-et-de-gestion-du-pdec-a1564333.html\" class=\"upvote-btn upvote-on\">\r\n\t\t\t\t\t\t\t\t\t<i class=\"fa fa-thumbs-up\"><\/i>\r\n\t\t\t\t\t\t\t\t<\/span>\r\n\t\t\t\t\t\t\t\t<span class=\"upvote-count\">\r\n\t\t\t\t\t\t\t\t\t8\t\t\t\t\t\t\t\t<\/span>\r\n\t\t\t\t\t\t\t<\/div>\r\n\t\t\t\t\t\t\t<!-- \/upvote section -->\r\n\r\n\t\t\t\t\t\t\t\t\t\t\t\t\r\n\t\t\t\t\t\t\t\t\t\t\t\t\r\n\t\t\t\t\t<\/li>\r\n\t\t\t\t\t\t\t\t\t\t\r\n\t\t\t\t\t<li id=\"item-134-4\" style=\"\">\r\n\t\t\t\t\t\t\t\t\t\t\t\t<!-- List Anchor -->\r\n\t\t\t\t\t\t<a  href=\"https:\/\/www.gms.sn\/ziguinchor-restauration-de-a-mangrove-lasgpi-et-oceanium-en-action\/\" target=\"_blank\">\r\n\r\n\t\t\t\t\t\t\t<!-- Image, If Present -->\r\n\t\t\t\t\t\t\t\t\t\t\t\t\t\t\t<span class=\"ca-icon list-img-1\">\r\n\t\t\t\t\t\t\t\t\t\t\t\t\t\t\t\t\t\t<img decoding=\"async\" src=\"https:\/\/observatoireadl.net\/siet\/wp-content\/uploads\/2023\/01\/link-150x150.png\" alt=\"Ziguinchor: restauration de la mangrove, l\u2019ASGPI et OCEANIUM en action\">\r\n\t\t\t\t\t\t\t\t<\/span>\r\n\t\t\t\t\t\t\t\r\n\t\t\t\t\t\t\t<!-- Link Text -->\r\n\t\t\t\t\t\t\t<div class=\"ca-content\">\r\n                                <h3 class=\"ca-main subtitle-absent\">\r\n\t\t\t\t\t\t\t\tZiguinchor: restauration de la mangrove, l\u2019ASGPI et OCEANIUM en action                                <\/h3>\r\n                                \t                                <p class=\"ca-sub\">\r\n\t                                \t                                <\/p>\r\n\t                                                        <\/div>\r\n\r\n\t\t\t\t\t\t<\/a>\r\n\t\t\t\t\t\t\r\n\t\t\t\t\t\t\t<!-- upvote section -->\r\n\t\t\t\t\t\t\t<div class=\"upvote-section\">\r\n\t\t\t\t\t\t\t\t<span data-post-id=\"134\" data-item-title=\"Ziguinchor: restauration de la mangrove, l\u2019ASGPI et OCEANIUM en action\" data-item-link=\"https:\/\/www.gms.sn\/ziguinchor-restauration-de-a-mangrove-lasgpi-et-oceanium-en-action\/\" class=\"upvote-btn upvote-on\">\r\n\t\t\t\t\t\t\t\t\t<i class=\"fa fa-thumbs-up\"><\/i>\r\n\t\t\t\t\t\t\t\t<\/span>\r\n\t\t\t\t\t\t\t\t<span class=\"upvote-count\">\r\n\t\t\t\t\t\t\t\t\t12\t\t\t\t\t\t\t\t<\/span>\r\n\t\t\t\t\t\t\t<\/div>\r\n\t\t\t\t\t\t\t<!-- \/upvote section -->\r\n\r\n\t\t\t\t\t\t\t\t\t\t\t\t\r\n\t\t\t\t\t\t\t\t\t\t\t\t\r\n\t\t\t\t\t<\/li>\r\n\t\t\t\t\t\t\t\t\t\t\r\n\t\t\t\t\t<li id=\"item-134-5\" style=\"\">\r\n\t\t\t\t\t\t\t\t\t\t\t\t<!-- List Anchor -->\r\n\t\t\t\t\t\t<a  href=\"https:\/\/www.gms.sn\/ziguinchor-des-dechets-dangereux-valorises-par-un-soldat-de-lenvironnement\/\" target=\"_blank\">\r\n\r\n\t\t\t\t\t\t\t<!-- Image, If Present -->\r\n\t\t\t\t\t\t\t\t\t\t\t\t\t\t\t<span class=\"ca-icon list-img-1\">\r\n\t\t\t\t\t\t\t\t\t\t\t\t\t\t\t\t\t\t<img decoding=\"async\" src=\"https:\/\/observatoireadl.net\/siet\/wp-content\/uploads\/2023\/01\/link-150x150.png\" alt=\"Ziguinchor: Des d\u00e9chets dangereux valoris\u00e9s par un soldat de l\u2019environnement\">\r\n\t\t\t\t\t\t\t\t<\/span>\r\n\t\t\t\t\t\t\t\r\n\t\t\t\t\t\t\t<!-- Link Text -->\r\n\t\t\t\t\t\t\t<div class=\"ca-content\">\r\n                                <h3 class=\"ca-main subtitle-absent\">\r\n\t\t\t\t\t\t\t\tZiguinchor: Des d\u00e9chets dangereux valoris\u00e9s par un soldat de l\u2019environnement                                <\/h3>\r\n                                \t                                <p class=\"ca-sub\">\r\n\t                                \t                                <\/p>\r\n\t                                                        <\/div>\r\n\r\n\t\t\t\t\t\t<\/a>\r\n\t\t\t\t\t\t\r\n\t\t\t\t\t\t\t<!-- upvote section -->\r\n\t\t\t\t\t\t\t<div class=\"upvote-section\">\r\n\t\t\t\t\t\t\t\t<span data-post-id=\"134\" data-item-title=\"Ziguinchor: Des d\u00e9chets dangereux valoris\u00e9s par un soldat de l\u2019environnement\" data-item-link=\"https:\/\/www.gms.sn\/ziguinchor-des-dechets-dangereux-valorises-par-un-soldat-de-lenvironnement\/\" class=\"upvote-btn upvote-on\">\r\n\t\t\t\t\t\t\t\t\t<i class=\"fa fa-thumbs-up\"><\/i>\r\n\t\t\t\t\t\t\t\t<\/span>\r\n\t\t\t\t\t\t\t\t<span class=\"upvote-count\">\r\n\t\t\t\t\t\t\t\t\t15\t\t\t\t\t\t\t\t<\/span>\r\n\t\t\t\t\t\t\t<\/div>\r\n\t\t\t\t\t\t\t<!-- \/upvote section -->\r\n\r\n\t\t\t\t\t\t\t\t\t\t\t\t\r\n\t\t\t\t\t\t\t\t\t\t\t\t\r\n\t\t\t\t\t<\/li>\r\n\t\t\t\t\t\t\t\t\t\t\r\n\t\t\t\t\t<li id=\"item-134-6\" style=\"\">\r\n\t\t\t\t\t\t\t\t\t\t\t\t<!-- List Anchor -->\r\n\t\t\t\t\t\t<a  href=\"https:\/\/www.gms.sn\/environnement-une-nouvelle-amp-a-bignona\/\" target=\"_blank\">\r\n\r\n\t\t\t\t\t\t\t<!-- Image, If Present -->\r\n\t\t\t\t\t\t\t\t\t\t\t\t\t\t\t<span class=\"ca-icon list-img-1\">\r\n\t\t\t\t\t\t\t\t\t\t\t\t\t\t\t\t\t\t<img decoding=\"async\" src=\"https:\/\/observatoireadl.net\/siet\/wp-content\/uploads\/2023\/01\/link-150x150.png\" alt=\"Environnement : Une nouvelle AMP \u00e0 Bignona\">\r\n\t\t\t\t\t\t\t\t<\/span>\r\n\t\t\t\t\t\t\t\r\n\t\t\t\t\t\t\t<!-- Link Text -->\r\n\t\t\t\t\t\t\t<div class=\"ca-content\">\r\n                                <h3 class=\"ca-main subtitle-absent\">\r\n\t\t\t\t\t\t\t\tEnvironnement : Une nouvelle AMP \u00e0 Bignona                                <\/h3>\r\n                                \t                                <p class=\"ca-sub\">\r\n\t                                \t                                <\/p>\r\n\t                                                        <\/div>\r\n\r\n\t\t\t\t\t\t<\/a>\r\n\t\t\t\t\t\t\r\n\t\t\t\t\t\t\t<!-- upvote section -->\r\n\t\t\t\t\t\t\t<div class=\"upvote-section\">\r\n\t\t\t\t\t\t\t\t<span data-post-id=\"134\" data-item-title=\"Environnement : Une nouvelle AMP \u00e0 Bignona\" data-item-link=\"https:\/\/www.gms.sn\/environnement-une-nouvelle-amp-a-bignona\/\" class=\"upvote-btn upvote-on\">\r\n\t\t\t\t\t\t\t\t\t<i class=\"fa fa-thumbs-up\"><\/i>\r\n\t\t\t\t\t\t\t\t<\/span>\r\n\t\t\t\t\t\t\t\t<span class=\"upvote-count\">\r\n\t\t\t\t\t\t\t\t\t9\t\t\t\t\t\t\t\t<\/span>\r\n\t\t\t\t\t\t\t<\/div>\r\n\t\t\t\t\t\t\t<!-- \/upvote section -->\r\n\r\n\t\t\t\t\t\t\t\t\t\t\t\t\r\n\t\t\t\t\t\t\t\t\t\t\t\t\r\n\t\t\t\t\t<\/li>\r\n\t\t\t\t\t\t\t\t\t\t\r\n\t\t\t\t\t<li id=\"item-134-7\" style=\"\">\r\n\t\t\t\t\t\t\t\t\t\t\t\t<!-- List Anchor -->\r\n\t\t\t\t\t\t<a  href=\"https:\/\/www.gms.sn\/zig-la-pluviometrie-excedentaire-favorise-t-elle-levolution-des-cultures\/\" target=\"_blank\">\r\n\r\n\t\t\t\t\t\t\t<!-- Image, If Present -->\r\n\t\t\t\t\t\t\t\t\t\t\t\t\t\t\t<span class=\"ca-icon list-img-1\">\r\n\t\t\t\t\t\t\t\t\t\t\t\t\t\t\t\t\t\t<img decoding=\"async\" src=\"https:\/\/observatoireadl.net\/siet\/wp-content\/uploads\/2023\/01\/link-150x150.png\" alt=\"Ziguinchor : La pluviom\u00e9trie exc\u00e9dentaire favorise-t-elle l\u2019\u00e9volution des cultures?\">\r\n\t\t\t\t\t\t\t\t<\/span>\r\n\t\t\t\t\t\t\t\r\n\t\t\t\t\t\t\t<!-- Link Text -->\r\n\t\t\t\t\t\t\t<div class=\"ca-content\">\r\n                                <h3 class=\"ca-main subtitle-absent\">\r\n\t\t\t\t\t\t\t\tZiguinchor : La pluviom\u00e9trie exc\u00e9dentaire favorise-t-elle l\u2019\u00e9volution des cultures?                                <\/h3>\r\n                                \t                                <p class=\"ca-sub\">\r\n\t                                \t                                <\/p>\r\n\t                                                        <\/div>\r\n\r\n\t\t\t\t\t\t<\/a>\r\n\t\t\t\t\t\t\r\n\t\t\t\t\t\t\t<!-- upvote section -->\r\n\t\t\t\t\t\t\t<div class=\"upvote-section\">\r\n\t\t\t\t\t\t\t\t<span data-post-id=\"134\" data-item-title=\"Ziguinchor : La pluviom\u00e9trie exc\u00e9dentaire favorise-t-elle l\u2019\u00e9volution des cultures?\" data-item-link=\"https:\/\/www.gms.sn\/zig-la-pluviometrie-excedentaire-favorise-t-elle-levolution-des-cultures\/\" class=\"upvote-btn upvote-on\">\r\n\t\t\t\t\t\t\t\t\t<i class=\"fa fa-thumbs-up\"><\/i>\r\n\t\t\t\t\t\t\t\t<\/span>\r\n\t\t\t\t\t\t\t\t<span class=\"upvote-count\">\r\n\t\t\t\t\t\t\t\t\t13\t\t\t\t\t\t\t\t<\/span>\r\n\t\t\t\t\t\t\t<\/div>\r\n\t\t\t\t\t\t\t<!-- \/upvote section -->\r\n\r\n\t\t\t\t\t\t\t\t\t\t\t\t\r\n\t\t\t\t\t\t\t\t\t\t\t\t\r\n\t\t\t\t\t<\/li>\r\n\t\t\t\t\t\t\t\t\t\t\r\n\t\t\t\t\t<li id=\"item-134-8\" style=\"\">\r\n\t\t\t\t\t\t\t\t\t\t\t\t<!-- List Anchor -->\r\n\t\t\t\t\t\t<a  href=\"https:\/\/www.gms.sn\/oussouye-avancee-inquietante-de-la-mer-dans-le-diembering-lassociation-urock-juwatt-engage-le-combat-citoyen\/\" target=\"_blank\">\r\n\r\n\t\t\t\t\t\t\t<!-- Image, If Present -->\r\n\t\t\t\t\t\t\t\t\t\t\t\t\t\t\t<span class=\"ca-icon list-img-1\">\r\n\t\t\t\t\t\t\t\t\t\t\t\t\t\t\t\t\t\t<img decoding=\"async\" src=\"https:\/\/observatoireadl.net\/siet\/wp-content\/uploads\/2023\/01\/link-150x150.png\" alt=\"Oussouye : Avanc\u00e9e inqui\u00e9tante de la mer dans le Diembering, l\u2019association Urock Juwatt engage le combat citoyen\">\r\n\t\t\t\t\t\t\t\t<\/span>\r\n\t\t\t\t\t\t\t\r\n\t\t\t\t\t\t\t<!-- Link Text -->\r\n\t\t\t\t\t\t\t<div class=\"ca-content\">\r\n                                <h3 class=\"ca-main subtitle-absent\">\r\n\t\t\t\t\t\t\t\tOussouye : Avanc\u00e9e inqui\u00e9tante de la mer dans le Diembering, l\u2019association Urock Juwatt engage le combat citoyen                                <\/h3>\r\n                                \t                                <p class=\"ca-sub\">\r\n\t                                \t                                <\/p>\r\n\t                                                        <\/div>\r\n\r\n\t\t\t\t\t\t<\/a>\r\n\t\t\t\t\t\t\r\n\t\t\t\t\t\t\t<!-- upvote section -->\r\n\t\t\t\t\t\t\t<div class=\"upvote-section\">\r\n\t\t\t\t\t\t\t\t<span data-post-id=\"134\" data-item-title=\"Oussouye : Avanc\u00e9e inqui\u00e9tante de la mer dans le Diembering, l\u2019association Urock Juwatt engage le combat citoyen\" data-item-link=\"https:\/\/www.gms.sn\/oussouye-avancee-inquietante-de-la-mer-dans-le-diembering-lassociation-urock-juwatt-engage-le-combat-citoyen\/\" class=\"upvote-btn upvote-on\">\r\n\t\t\t\t\t\t\t\t\t<i class=\"fa fa-thumbs-up\"><\/i>\r\n\t\t\t\t\t\t\t\t<\/span>\r\n\t\t\t\t\t\t\t\t<span class=\"upvote-count\">\r\n\t\t\t\t\t\t\t\t\t5\t\t\t\t\t\t\t\t<\/span>\r\n\t\t\t\t\t\t\t<\/div>\r\n\t\t\t\t\t\t\t<!-- \/upvote section -->\r\n\r\n\t\t\t\t\t\t\t\t\t\t\t\t\r\n\t\t\t\t\t\t\t\t\t\t\t\t\r\n\t\t\t\t\t<\/li>\r\n\t\t\t\t\t\t\t\t\t\t\r\n\t\t\t\t\t<li id=\"item-134-9\" style=\"\">\r\n\t\t\t\t\t\t\t\t\t\t\t\t<!-- List Anchor -->\r\n\t\t\t\t\t\t<a  href=\"https:\/\/www.gms.sn\/ziguinchor-accord-scelle-entre-la-municipalite-et-lasergmv-pour-la-creation-demploi-vert\/\" target=\"_blank\">\r\n\r\n\t\t\t\t\t\t\t<!-- Image, If Present -->\r\n\t\t\t\t\t\t\t\t\t\t\t\t\t\t\t<span class=\"ca-icon list-img-1\">\r\n\t\t\t\t\t\t\t\t\t\t\t\t\t\t\t\t\t\t<img decoding=\"async\" src=\"https:\/\/observatoireadl.net\/siet\/wp-content\/uploads\/2023\/01\/link-150x150.png\" alt=\"Ziguinchor : Accord scell\u00e9 entre la municipalit\u00e9 et l\u2019ASERGMV pour la cr\u00e9ation d\u2019emploi vert\">\r\n\t\t\t\t\t\t\t\t<\/span>\r\n\t\t\t\t\t\t\t\r\n\t\t\t\t\t\t\t<!-- Link Text -->\r\n\t\t\t\t\t\t\t<div class=\"ca-content\">\r\n                                <h3 class=\"ca-main subtitle-absent\">\r\n\t\t\t\t\t\t\t\tZiguinchor : Accord scell\u00e9 entre la municipalit\u00e9 et l\u2019ASERGMV pour la cr\u00e9ation d\u2019emploi vert                                <\/h3>\r\n                                \t                                <p class=\"ca-sub\">\r\n\t                                \t                                <\/p>\r\n\t                                                        <\/div>\r\n\r\n\t\t\t\t\t\t<\/a>\r\n\t\t\t\t\t\t\r\n\t\t\t\t\t\t\t<!-- upvote section -->\r\n\t\t\t\t\t\t\t<div class=\"upvote-section\">\r\n\t\t\t\t\t\t\t\t<span data-post-id=\"134\" data-item-title=\"Ziguinchor : Accord scell\u00e9 entre la municipalit\u00e9 et l\u2019ASERGMV pour la cr\u00e9ation d\u2019emploi vert\" data-item-link=\"https:\/\/www.gms.sn\/ziguinchor-accord-scelle-entre-la-municipalite-et-lasergmv-pour-la-creation-demploi-vert\/\" class=\"upvote-btn upvote-on\">\r\n\t\t\t\t\t\t\t\t\t<i class=\"fa fa-thumbs-up\"><\/i>\r\n\t\t\t\t\t\t\t\t<\/span>\r\n\t\t\t\t\t\t\t\t<span class=\"upvote-count\">\r\n\t\t\t\t\t\t\t\t\t11\t\t\t\t\t\t\t\t<\/span>\r\n\t\t\t\t\t\t\t<\/div>\r\n\t\t\t\t\t\t\t<!-- \/upvote section -->\r\n\r\n\t\t\t\t\t\t\t\t\t\t\t\t\r\n\t\t\t\t\t\t\t\t\t\t\t\t\r\n\t\t\t\t\t<\/li>\r\n\t\t\t\t\t\t\t\t\t<\/ul>\r\n\r\n\t\t\t<\/div>\r\n\t\t<\/div>\r\n\r\n\t\t\r\n\t\t\r\n\t\t\r\n\r\n\t\t<div id=\"qcopd-list-2-138\" class=\"qc-grid-item qcopd-list-column opd-column-2 style-1 opd-list-id-138\">\r\n\r\n\t\t\t<div class=\"qcopd-single-list-1\">\r\n\t\t\t\t\r\n\t\t\t\t<h2>\r\n\t\t\t\t\tP\u00eache et Aquaculture\t\t\t\t<\/h2>\r\n\t\t\t\t<ul class=\"ca-menu\">\r\n\t\t\t\t\t\t\t\t\t\t\t\t\t\t\t\r\n\t\t\t\t\t<li id=\"item-138-1\" style=\"\">\r\n\t\t\t\t\t\t\t\t\t\t\t\t<!-- List Anchor -->\r\n\t\t\t\t\t\t<a  href=\"https:\/\/www.seneweb.com\/news\/Societe\/mauvaises-performances-du-secteur-de-la-_n_346130.html\" target=\"_blank\">\r\n\r\n\t\t\t\t\t\t\t<!-- Image, If Present -->\r\n\t\t\t\t\t\t\t\t\t\t\t\t\t\t\t<span class=\"ca-icon list-img-1\">\r\n\t\t\t\t\t\t\t\t\t\t\t\t\t\t\t\t\t\t<img decoding=\"async\" src=\"https:\/\/observatoireadl.net\/siet\/wp-content\/uploads\/2023\/01\/link-150x150.png\" alt=\"Mauvaises performances du secteur de la p\u00eache \u00e0 Kolda : Ce que les mareyeurs demandent \u00e0 Aliou Ndoye\">\r\n\t\t\t\t\t\t\t\t<\/span>\r\n\t\t\t\t\t\t\t\r\n\t\t\t\t\t\t\t<!-- Link Text -->\r\n\t\t\t\t\t\t\t<div class=\"ca-content\">\r\n                                <h3 class=\"ca-main subtitle-absent\">\r\n\t\t\t\t\t\t\t\tMauvaises performances du secteur de la p\u00eache \u00e0 Kolda : Ce que les mareyeurs demandent \u00e0 Aliou Ndoye                                <\/h3>\r\n                                \t                                <p class=\"ca-sub\">\r\n\t                                \t                                <\/p>\r\n\t                                                        <\/div>\r\n\r\n\t\t\t\t\t\t<\/a>\r\n\t\t\t\t\t\t\r\n\t\t\t\t\t\t\t<!-- upvote section -->\r\n\t\t\t\t\t\t\t<div class=\"upvote-section\">\r\n\t\t\t\t\t\t\t\t<span data-post-id=\"138\" data-item-title=\"Mauvaises performances du secteur de la p\u00eache \u00e0 Kolda : Ce que les mareyeurs demandent \u00e0 Aliou Ndoye\" data-item-link=\"https:\/\/www.seneweb.com\/news\/Societe\/mauvaises-performances-du-secteur-de-la-_n_346130.html\" class=\"upvote-btn upvote-on\">\r\n\t\t\t\t\t\t\t\t\t<i class=\"fa fa-thumbs-up\"><\/i>\r\n\t\t\t\t\t\t\t\t<\/span>\r\n\t\t\t\t\t\t\t\t<span class=\"upvote-count\">\r\n\t\t\t\t\t\t\t\t\t9\t\t\t\t\t\t\t\t<\/span>\r\n\t\t\t\t\t\t\t<\/div>\r\n\t\t\t\t\t\t\t<!-- \/upvote section -->\r\n\r\n\t\t\t\t\t\t\t\t\t\t\t\t\r\n\t\t\t\t\t\t\t\t\t\t\t\t\r\n\t\t\t\t\t<\/li>\r\n\t\t\t\t\t\t\t\t\t\t\r\n\t\t\t\t\t<li id=\"item-138-2\" style=\"\">\r\n\t\t\t\t\t\t\t\t\t\t\t\t<!-- List Anchor -->\r\n\t\t\t\t\t\t<a  href=\"http:\/\/cdkolda.org\/peche-2\/#:~:text=La%20p%C3%AAche%20est%20pratiqu%C3%A9e%20pendant,de%20poisson%20dit%20noble%2015%25.\" target=\"_blank\">\r\n\r\n\t\t\t\t\t\t\t<!-- Image, If Present -->\r\n\t\t\t\t\t\t\t\t\t\t\t\t\t\t\t<span class=\"ca-icon list-img-1\">\r\n\t\t\t\t\t\t\t\t\t\t\t\t\t\t\t\t\t\t<img decoding=\"async\" src=\"https:\/\/observatoireadl.net\/siet\/wp-content\/uploads\/2023\/01\/link-150x150.png\" alt=\"Conseil d\u00e9partemental de Kolda\">\r\n\t\t\t\t\t\t\t\t<\/span>\r\n\t\t\t\t\t\t\t\r\n\t\t\t\t\t\t\t<!-- Link Text -->\r\n\t\t\t\t\t\t\t<div class=\"ca-content\">\r\n                                <h3 class=\"ca-main subtitle-absent\">\r\n\t\t\t\t\t\t\t\tConseil d\u00e9partemental de Kolda                                <\/h3>\r\n                                \t                                <p class=\"ca-sub\">\r\n\t                                \t                                <\/p>\r\n\t                                                        <\/div>\r\n\r\n\t\t\t\t\t\t<\/a>\r\n\t\t\t\t\t\t\r\n\t\t\t\t\t\t\t<!-- upvote section -->\r\n\t\t\t\t\t\t\t<div class=\"upvote-section\">\r\n\t\t\t\t\t\t\t\t<span data-post-id=\"138\" data-item-title=\"Conseil d\u00e9partemental de Kolda\" data-item-link=\"http:\/\/cdkolda.org\/peche-2\/#:~:text=La%20p%C3%AAche%20est%20pratiqu%C3%A9e%20pendant,de%20poisson%20dit%20noble%2015%25.\" class=\"upvote-btn upvote-on\">\r\n\t\t\t\t\t\t\t\t\t<i class=\"fa fa-thumbs-up\"><\/i>\r\n\t\t\t\t\t\t\t\t<\/span>\r\n\t\t\t\t\t\t\t\t<span class=\"upvote-count\">\r\n\t\t\t\t\t\t\t\t\t7\t\t\t\t\t\t\t\t<\/span>\r\n\t\t\t\t\t\t\t<\/div>\r\n\t\t\t\t\t\t\t<!-- \/upvote section -->\r\n\r\n\t\t\t\t\t\t\t\t\t\t\t\t\r\n\t\t\t\t\t\t\t\t\t\t\t\t\r\n\t\t\t\t\t<\/li>\r\n\t\t\t\t\t\t\t\t\t<\/ul>\r\n\r\n\t\t\t<\/div>\r\n\t\t<\/div>\r\n\r\n\t\t\r\n\t\t\r\n\t\t\r\n\r\n\t\t<div id=\"qcopd-list-3-139\" class=\"qc-grid-item qcopd-list-column opd-column-2 style-1 opd-list-id-139\">\r\n\r\n\t\t\t<div class=\"qcopd-single-list-1\">\r\n\t\t\t\t\r\n\t\t\t\t<h2>\r\n\t\t\t\t\tAgriculture\t\t\t\t<\/h2>\r\n\t\t\t\t<ul class=\"ca-menu\">\r\n\t\t\t\t\t\t\t\t\t\t\t\t\t\t\t\r\n\t\t\t\t\t<li id=\"item-139-1\" style=\"\">\r\n\t\t\t\t\t\t\t\t\t\t\t\t<!-- List Anchor -->\r\n\t\t\t\t\t\t<a  href=\"https:\/\/www.dakaractu.com\/Mission-d-evaluation-de-la-DER-a-Sedhiou-et-Kolda-prospection-de-sites-d-entrepots-rencontre-avec-les-acteurs-de-la_a200350.html\" target=\"_blank\">\r\n\r\n\t\t\t\t\t\t\t<!-- Image, If Present -->\r\n\t\t\t\t\t\t\t\t\t\t\t\t\t\t\t<span class=\"ca-icon list-img-1\">\r\n\t\t\t\t\t\t\t\t\t\t\t\t\t\t\t\t\t\t<img decoding=\"async\" src=\"https:\/\/observatoireadl.net\/siet\/wp-content\/uploads\/2023\/01\/link-150x150.png\" alt=\"Mission d\u2019\u00e9valuation de la DER \u00e0 S\u00e9dhiou et Kolda : prospection de sites d\u2019entrep\u00f4ts, rencontre avec les acteurs de la fili\u00e8re anacarde au menu\">\r\n\t\t\t\t\t\t\t\t<\/span>\r\n\t\t\t\t\t\t\t\r\n\t\t\t\t\t\t\t<!-- Link Text -->\r\n\t\t\t\t\t\t\t<div class=\"ca-content\">\r\n                                <h3 class=\"ca-main subtitle-absent\">\r\n\t\t\t\t\t\t\t\tMission d\u2019\u00e9valuation de la DER \u00e0 S\u00e9dhiou et Kolda : prospection de sites d\u2019entrep\u00f4ts, rencontre avec les acteurs de la fili\u00e8re anacarde au menu                                <\/h3>\r\n                                \t                                <p class=\"ca-sub\">\r\n\t                                \t                                <\/p>\r\n\t                                                        <\/div>\r\n\r\n\t\t\t\t\t\t<\/a>\r\n\t\t\t\t\t\t\r\n\t\t\t\t\t\t\t<!-- upvote section -->\r\n\t\t\t\t\t\t\t<div class=\"upvote-section\">\r\n\t\t\t\t\t\t\t\t<span data-post-id=\"139\" data-item-title=\"Mission d\u2019\u00e9valuation de la DER \u00e0 S\u00e9dhiou et Kolda : prospection de sites d\u2019entrep\u00f4ts, rencontre avec les acteurs de la fili\u00e8re anacarde au menu\" data-item-link=\"https:\/\/www.dakaractu.com\/Mission-d-evaluation-de-la-DER-a-Sedhiou-et-Kolda-prospection-de-sites-d-entrepots-rencontre-avec-les-acteurs-de-la_a200350.html\" class=\"upvote-btn upvote-on\">\r\n\t\t\t\t\t\t\t\t\t<i class=\"fa fa-thumbs-up\"><\/i>\r\n\t\t\t\t\t\t\t\t<\/span>\r\n\t\t\t\t\t\t\t\t<span class=\"upvote-count\">\r\n\t\t\t\t\t\t\t\t\t8\t\t\t\t\t\t\t\t<\/span>\r\n\t\t\t\t\t\t\t<\/div>\r\n\t\t\t\t\t\t\t<!-- \/upvote section -->\r\n\r\n\t\t\t\t\t\t\t\t\t\t\t\t\r\n\t\t\t\t\t\t\t\t\t\t\t\t\r\n\t\t\t\t\t<\/li>\r\n\t\t\t\t\t\t\t\t\t\t\r\n\t\t\t\t\t<li id=\"item-139-2\" style=\"\">\r\n\t\t\t\t\t\t\t\t\t\t\t\t<!-- List Anchor -->\r\n\t\t\t\t\t\t<a  href=\"https:\/\/www.koldanews.com\/2022\/11\/16\/forum-du-projet-far-a-kolda-un-moment-de-plaidoyer-pour-la-creation-dusines-performantes-dans-la-region-a1565220.html\" target=\"_blank\">\r\n\r\n\t\t\t\t\t\t\t<!-- Image, If Present -->\r\n\t\t\t\t\t\t\t\t\t\t\t\t\t\t\t<span class=\"ca-icon list-img-1\">\r\n\t\t\t\t\t\t\t\t\t\t\t\t\t\t\t\t\t\t<img decoding=\"async\" src=\"https:\/\/observatoireadl.net\/siet\/wp-content\/uploads\/2023\/01\/link-150x150.png\" alt=\"Forum du projet FAR \u00e0 Kolda : un moment de plaidoyer pour la cr\u00e9ation d\u2019usines performantes dans la r\u00e9gion\">\r\n\t\t\t\t\t\t\t\t<\/span>\r\n\t\t\t\t\t\t\t\r\n\t\t\t\t\t\t\t<!-- Link Text -->\r\n\t\t\t\t\t\t\t<div class=\"ca-content\">\r\n                                <h3 class=\"ca-main subtitle-absent\">\r\n\t\t\t\t\t\t\t\tForum du projet FAR \u00e0 Kolda : un moment de plaidoyer pour la cr\u00e9ation d\u2019usines performantes dans la r\u00e9gion                                <\/h3>\r\n                                \t                                <p class=\"ca-sub\">\r\n\t                                \t                                <\/p>\r\n\t                                                        <\/div>\r\n\r\n\t\t\t\t\t\t<\/a>\r\n\t\t\t\t\t\t\r\n\t\t\t\t\t\t\t<!-- upvote section -->\r\n\t\t\t\t\t\t\t<div class=\"upvote-section\">\r\n\t\t\t\t\t\t\t\t<span data-post-id=\"139\" data-item-title=\"Forum du projet FAR \u00e0 Kolda : un moment de plaidoyer pour la cr\u00e9ation d\u2019usines performantes dans la r\u00e9gion\" data-item-link=\"https:\/\/www.koldanews.com\/2022\/11\/16\/forum-du-projet-far-a-kolda-un-moment-de-plaidoyer-pour-la-creation-dusines-performantes-dans-la-region-a1565220.html\" class=\"upvote-btn upvote-on\">\r\n\t\t\t\t\t\t\t\t\t<i class=\"fa fa-thumbs-up\"><\/i>\r\n\t\t\t\t\t\t\t\t<\/span>\r\n\t\t\t\t\t\t\t\t<span class=\"upvote-count\">\r\n\t\t\t\t\t\t\t\t\t5\t\t\t\t\t\t\t\t<\/span>\r\n\t\t\t\t\t\t\t<\/div>\r\n\t\t\t\t\t\t\t<!-- \/upvote section -->\r\n\r\n\t\t\t\t\t\t\t\t\t\t\t\t\r\n\t\t\t\t\t\t\t\t\t\t\t\t\r\n\t\t\t\t\t<\/li>\r\n\t\t\t\t\t\t\t\t\t\t\r\n\t\t\t\t\t<li id=\"item-139-3\" style=\"\">\r\n\t\t\t\t\t\t\t\t\t\t\t\t<!-- List Anchor -->\r\n\t\t\t\t\t\t<a  href=\"https:\/\/www.sudquotidien.sn\/sedhiou-le-gie-sunu-avenir-severtue-dans-les-terres-du-diassing-pour-la-promotion-de-lentreprenariat-jeune-via-une-agriculture-innovante\/\" target=\"_blank\">\r\n\r\n\t\t\t\t\t\t\t<!-- Image, If Present -->\r\n\t\t\t\t\t\t\t\t\t\t\t\t\t\t\t<span class=\"ca-icon list-img-1\">\r\n\t\t\t\t\t\t\t\t\t\t\t\t\t\t\t\t\t\t<img decoding=\"async\" src=\"https:\/\/observatoireadl.net\/siet\/wp-content\/uploads\/2023\/01\/link-150x150.png\" alt=\"S\u00e9dhiou\/ Le GIE Sunu Avenir s\u2019\u00e9vertue dans les terres du Diassing pour la promotion de l\u2019entreprenariat jeune via une agriculture innovante\">\r\n\t\t\t\t\t\t\t\t<\/span>\r\n\t\t\t\t\t\t\t\r\n\t\t\t\t\t\t\t<!-- Link Text -->\r\n\t\t\t\t\t\t\t<div class=\"ca-content\">\r\n                                <h3 class=\"ca-main subtitle-absent\">\r\n\t\t\t\t\t\t\t\tS\u00e9dhiou\/ Le GIE Sunu Avenir s\u2019\u00e9vertue dans les terres du Diassing pour la promotion de l\u2019entreprenariat jeune via une agriculture innovante                                <\/h3>\r\n                                \t                                <p class=\"ca-sub\">\r\n\t                                \t                                <\/p>\r\n\t                                                        <\/div>\r\n\r\n\t\t\t\t\t\t<\/a>\r\n\t\t\t\t\t\t\r\n\t\t\t\t\t\t\t<!-- upvote section -->\r\n\t\t\t\t\t\t\t<div class=\"upvote-section\">\r\n\t\t\t\t\t\t\t\t<span data-post-id=\"139\" data-item-title=\"S\u00e9dhiou\/ Le GIE Sunu Avenir s\u2019\u00e9vertue dans les terres du Diassing pour la promotion de l\u2019entreprenariat jeune via une agriculture innovante\" data-item-link=\"https:\/\/www.sudquotidien.sn\/sedhiou-le-gie-sunu-avenir-severtue-dans-les-terres-du-diassing-pour-la-promotion-de-lentreprenariat-jeune-via-une-agriculture-innovante\/\" class=\"upvote-btn upvote-on\">\r\n\t\t\t\t\t\t\t\t\t<i class=\"fa fa-thumbs-up\"><\/i>\r\n\t\t\t\t\t\t\t\t<\/span>\r\n\t\t\t\t\t\t\t\t<span class=\"upvote-count\">\r\n\t\t\t\t\t\t\t\t\t7\t\t\t\t\t\t\t\t<\/span>\r\n\t\t\t\t\t\t\t<\/div>\r\n\t\t\t\t\t\t\t<!-- \/upvote section -->\r\n\r\n\t\t\t\t\t\t\t\t\t\t\t\t\r\n\t\t\t\t\t\t\t\t\t\t\t\t\r\n\t\t\t\t\t<\/li>\r\n\t\t\t\t\t\t\t\t\t\t\r\n\t\t\t\t\t<li id=\"item-139-4\" style=\"\">\r\n\t\t\t\t\t\t\t\t\t\t\t\t<!-- List Anchor -->\r\n\t\t\t\t\t\t<a  href=\"https:\/\/www.sudquotidien.sn\/fouladou-les-premieres-recoltes-dans-le-marche\/\" target=\"_blank\">\r\n\r\n\t\t\t\t\t\t\t<!-- Image, If Present -->\r\n\t\t\t\t\t\t\t\t\t\t\t\t\t\t\t<span class=\"ca-icon list-img-1\">\r\n\t\t\t\t\t\t\t\t\t\t\t\t\t\t\t\t\t\t<img decoding=\"async\" src=\"https:\/\/observatoireadl.net\/siet\/wp-content\/uploads\/2023\/01\/link-150x150.png\" alt=\"Fouladou : Les premi\u00e8res r\u00e9coltes dans le march\u00e9\">\r\n\t\t\t\t\t\t\t\t<\/span>\r\n\t\t\t\t\t\t\t\r\n\t\t\t\t\t\t\t<!-- Link Text -->\r\n\t\t\t\t\t\t\t<div class=\"ca-content\">\r\n                                <h3 class=\"ca-main subtitle-absent\">\r\n\t\t\t\t\t\t\t\tFouladou : Les premi\u00e8res r\u00e9coltes dans le march\u00e9                                <\/h3>\r\n                                \t                                <p class=\"ca-sub\">\r\n\t                                \t                                <\/p>\r\n\t                                                        <\/div>\r\n\r\n\t\t\t\t\t\t<\/a>\r\n\t\t\t\t\t\t\r\n\t\t\t\t\t\t\t<!-- upvote section -->\r\n\t\t\t\t\t\t\t<div class=\"upvote-section\">\r\n\t\t\t\t\t\t\t\t<span data-post-id=\"139\" data-item-title=\"Fouladou : Les premi\u00e8res r\u00e9coltes dans le march\u00e9\" data-item-link=\"https:\/\/www.sudquotidien.sn\/fouladou-les-premieres-recoltes-dans-le-marche\/\" class=\"upvote-btn upvote-on\">\r\n\t\t\t\t\t\t\t\t\t<i class=\"fa fa-thumbs-up\"><\/i>\r\n\t\t\t\t\t\t\t\t<\/span>\r\n\t\t\t\t\t\t\t\t<span class=\"upvote-count\">\r\n\t\t\t\t\t\t\t\t\t4\t\t\t\t\t\t\t\t<\/span>\r\n\t\t\t\t\t\t\t<\/div>\r\n\t\t\t\t\t\t\t<!-- \/upvote section -->\r\n\r\n\t\t\t\t\t\t\t\t\t\t\t\t\r\n\t\t\t\t\t\t\t\t\t\t\t\t\r\n\t\t\t\t\t<\/li>\r\n\t\t\t\t\t\t\t\t\t\t\r\n\t\t\t\t\t<li id=\"item-139-5\" style=\"\">\r\n\t\t\t\t\t\t\t\t\t\t\t\t<!-- List Anchor -->\r\n\t\t\t\t\t\t<a  href=\"https:\/\/lequotidien.sn\/ziguinchor-renforcement-de-la-filiere-riz-pluvial-une-plateforme-dinnovation-en-gestation\/\" target=\"_blank\">\r\n\r\n\t\t\t\t\t\t\t<!-- Image, If Present -->\r\n\t\t\t\t\t\t\t\t\t\t\t\t\t\t\t<span class=\"ca-icon list-img-1\">\r\n\t\t\t\t\t\t\t\t\t\t\t\t\t\t\t\t\t\t<img decoding=\"async\" src=\"https:\/\/observatoireadl.net\/siet\/wp-content\/uploads\/2023\/01\/link-150x150.png\" alt=\"Ziguinchor \u2013 Renforcement de la fili\u00e8re riz pluvial : Une plateforme d\u2019innovation en gestation\">\r\n\t\t\t\t\t\t\t\t<\/span>\r\n\t\t\t\t\t\t\t\r\n\t\t\t\t\t\t\t<!-- Link Text -->\r\n\t\t\t\t\t\t\t<div class=\"ca-content\">\r\n                                <h3 class=\"ca-main subtitle-absent\">\r\n\t\t\t\t\t\t\t\tZiguinchor \u2013 Renforcement de la fili\u00e8re riz pluvial : Une plateforme d\u2019innovation en gestation                                <\/h3>\r\n                                \t                                <p class=\"ca-sub\">\r\n\t                                \t                                <\/p>\r\n\t                                                        <\/div>\r\n\r\n\t\t\t\t\t\t<\/a>\r\n\t\t\t\t\t\t\r\n\t\t\t\t\t\t\t<!-- upvote section -->\r\n\t\t\t\t\t\t\t<div class=\"upvote-section\">\r\n\t\t\t\t\t\t\t\t<span data-post-id=\"139\" data-item-title=\"Ziguinchor \u2013 Renforcement de la fili\u00e8re riz pluvial : Une plateforme d\u2019innovation en gestation\" data-item-link=\"https:\/\/lequotidien.sn\/ziguinchor-renforcement-de-la-filiere-riz-pluvial-une-plateforme-dinnovation-en-gestation\/\" class=\"upvote-btn upvote-on\">\r\n\t\t\t\t\t\t\t\t\t<i class=\"fa fa-thumbs-up\"><\/i>\r\n\t\t\t\t\t\t\t\t<\/span>\r\n\t\t\t\t\t\t\t\t<span class=\"upvote-count\">\r\n\t\t\t\t\t\t\t\t\t8\t\t\t\t\t\t\t\t<\/span>\r\n\t\t\t\t\t\t\t<\/div>\r\n\t\t\t\t\t\t\t<!-- \/upvote section -->\r\n\r\n\t\t\t\t\t\t\t\t\t\t\t\t\r\n\t\t\t\t\t\t\t\t\t\t\t\t\r\n\t\t\t\t\t<\/li>\r\n\t\t\t\t\t\t\t\t\t\t\r\n\t\t\t\t\t<li id=\"item-139-6\" style=\"\">\r\n\t\t\t\t\t\t\t\t\t\t\t\t<!-- List Anchor -->\r\n\t\t\t\t\t\t<a  href=\"https:\/\/www.gms.sn\/ziguinchor-anacarde-la-campagne-menacee\/\" target=\"_blank\">\r\n\r\n\t\t\t\t\t\t\t<!-- Image, If Present -->\r\n\t\t\t\t\t\t\t\t\t\t\t\t\t\t\t<span class=\"ca-icon list-img-1\">\r\n\t\t\t\t\t\t\t\t\t\t\t\t\t\t\t\t\t\t<img decoding=\"async\" src=\"https:\/\/observatoireadl.net\/siet\/wp-content\/uploads\/2023\/01\/link-150x150.png\" alt=\"Les acteurs de la fili\u00e8re anacarde de la r\u00e9gion de Ziguinchor sont en col\u00e8re \u00e0 cause de l\u2019interdiction du transport de la noix de cajou par la voie terrestre de Ziguinchor \u00e0 Dakar\">\r\n\t\t\t\t\t\t\t\t<\/span>\r\n\t\t\t\t\t\t\t\r\n\t\t\t\t\t\t\t<!-- Link Text -->\r\n\t\t\t\t\t\t\t<div class=\"ca-content\">\r\n                                <h3 class=\"ca-main subtitle-absent\">\r\n\t\t\t\t\t\t\t\tLes acteurs de la fili\u00e8re anacarde de la r\u00e9gion de Ziguinchor sont en col\u00e8re \u00e0 cause de l\u2019interdiction du transport de la noix de cajou par la voie terrestre de Ziguinchor \u00e0 Dakar                                <\/h3>\r\n                                \t                                <p class=\"ca-sub\">\r\n\t                                \t                                <\/p>\r\n\t                                                        <\/div>\r\n\r\n\t\t\t\t\t\t<\/a>\r\n\t\t\t\t\t\t\r\n\t\t\t\t\t\t\t<!-- upvote section -->\r\n\t\t\t\t\t\t\t<div class=\"upvote-section\">\r\n\t\t\t\t\t\t\t\t<span data-post-id=\"139\" data-item-title=\"Les acteurs de la fili\u00e8re anacarde de la r\u00e9gion de Ziguinchor sont en col\u00e8re \u00e0 cause de l\u2019interdiction du transport de la noix de cajou par la voie terrestre de Ziguinchor \u00e0 Dakar\" data-item-link=\"https:\/\/www.gms.sn\/ziguinchor-anacarde-la-campagne-menacee\/\" class=\"upvote-btn upvote-on\">\r\n\t\t\t\t\t\t\t\t\t<i class=\"fa fa-thumbs-up\"><\/i>\r\n\t\t\t\t\t\t\t\t<\/span>\r\n\t\t\t\t\t\t\t\t<span class=\"upvote-count\">\r\n\t\t\t\t\t\t\t\t\t9\t\t\t\t\t\t\t\t<\/span>\r\n\t\t\t\t\t\t\t<\/div>\r\n\t\t\t\t\t\t\t<!-- \/upvote section -->\r\n\r\n\t\t\t\t\t\t\t\t\t\t\t\t\r\n\t\t\t\t\t\t\t\t\t\t\t\t\r\n\t\t\t\t\t<\/li>\r\n\t\t\t\t\t\t\t\t\t\t\r\n\t\t\t\t\t<li id=\"item-139-7\" style=\"\">\r\n\t\t\t\t\t\t\t\t\t\t\t\t<!-- List Anchor -->\r\n\t\t\t\t\t\t<a  href=\"https:\/\/www.gms.sn\/valoriser-les-potentiels-agricoles-de-la-casamance-une-priorite-de-casa-industrie\/\" target=\"_blank\">\r\n\r\n\t\t\t\t\t\t\t<!-- Image, If Present -->\r\n\t\t\t\t\t\t\t\t\t\t\t\t\t\t\t<span class=\"ca-icon list-img-1\">\r\n\t\t\t\t\t\t\t\t\t\t\t\t\t\t\t\t\t\t<img decoding=\"async\" src=\"https:\/\/observatoireadl.net\/siet\/wp-content\/uploads\/2023\/01\/link-150x150.png\" alt=\"Valoriser les potentiels agricoles de la Casamance, une priorit\u00e9 de Casa industrie\">\r\n\t\t\t\t\t\t\t\t<\/span>\r\n\t\t\t\t\t\t\t\r\n\t\t\t\t\t\t\t<!-- Link Text -->\r\n\t\t\t\t\t\t\t<div class=\"ca-content\">\r\n                                <h3 class=\"ca-main subtitle-absent\">\r\n\t\t\t\t\t\t\t\tValoriser les potentiels agricoles de la Casamance, une priorit\u00e9 de Casa industrie                                <\/h3>\r\n                                \t                                <p class=\"ca-sub\">\r\n\t                                \t                                <\/p>\r\n\t                                                        <\/div>\r\n\r\n\t\t\t\t\t\t<\/a>\r\n\t\t\t\t\t\t\r\n\t\t\t\t\t\t\t<!-- upvote section -->\r\n\t\t\t\t\t\t\t<div class=\"upvote-section\">\r\n\t\t\t\t\t\t\t\t<span data-post-id=\"139\" data-item-title=\"Valoriser les potentiels agricoles de la Casamance, une priorit\u00e9 de Casa industrie\" data-item-link=\"https:\/\/www.gms.sn\/valoriser-les-potentiels-agricoles-de-la-casamance-une-priorite-de-casa-industrie\/\" class=\"upvote-btn upvote-on\">\r\n\t\t\t\t\t\t\t\t\t<i class=\"fa fa-thumbs-up\"><\/i>\r\n\t\t\t\t\t\t\t\t<\/span>\r\n\t\t\t\t\t\t\t\t<span class=\"upvote-count\">\r\n\t\t\t\t\t\t\t\t\t7\t\t\t\t\t\t\t\t<\/span>\r\n\t\t\t\t\t\t\t<\/div>\r\n\t\t\t\t\t\t\t<!-- \/upvote section -->\r\n\r\n\t\t\t\t\t\t\t\t\t\t\t\t\r\n\t\t\t\t\t\t\t\t\t\t\t\t\r\n\t\t\t\t\t<\/li>\r\n\t\t\t\t\t\t\t\t\t\t\r\n\t\t\t\t\t<li id=\"item-139-8\" style=\"\">\r\n\t\t\t\t\t\t\t\t\t\t\t\t<!-- List Anchor -->\r\n\t\t\t\t\t\t<a  href=\"https:\/\/www.gms.sn\/ziguinchor-130-milliards-pour-buster-le-secteur-de-lanacarde\/\" target=\"_blank\">\r\n\r\n\t\t\t\t\t\t\t<!-- Image, If Present -->\r\n\t\t\t\t\t\t\t\t\t\t\t\t\t\t\t<span class=\"ca-icon list-img-1\">\r\n\t\t\t\t\t\t\t\t\t\t\t\t\t\t\t\t\t\t<img decoding=\"async\" src=\"https:\/\/observatoireadl.net\/siet\/wp-content\/uploads\/2023\/01\/link-150x150.png\" alt=\"Ziguinchor : 130 milliards pour Booster le secteur de l\u2019anacarde\">\r\n\t\t\t\t\t\t\t\t<\/span>\r\n\t\t\t\t\t\t\t\r\n\t\t\t\t\t\t\t<!-- Link Text -->\r\n\t\t\t\t\t\t\t<div class=\"ca-content\">\r\n                                <h3 class=\"ca-main subtitle-absent\">\r\n\t\t\t\t\t\t\t\tZiguinchor : 130 milliards pour Booster le secteur de l\u2019anacarde                                <\/h3>\r\n                                \t                                <p class=\"ca-sub\">\r\n\t                                \t                                <\/p>\r\n\t                                                        <\/div>\r\n\r\n\t\t\t\t\t\t<\/a>\r\n\t\t\t\t\t\t\r\n\t\t\t\t\t\t\t<!-- upvote section -->\r\n\t\t\t\t\t\t\t<div class=\"upvote-section\">\r\n\t\t\t\t\t\t\t\t<span data-post-id=\"139\" data-item-title=\"Ziguinchor : 130 milliards pour Booster le secteur de l\u2019anacarde\" data-item-link=\"https:\/\/www.gms.sn\/ziguinchor-130-milliards-pour-buster-le-secteur-de-lanacarde\/\" class=\"upvote-btn upvote-on\">\r\n\t\t\t\t\t\t\t\t\t<i class=\"fa fa-thumbs-up\"><\/i>\r\n\t\t\t\t\t\t\t\t<\/span>\r\n\t\t\t\t\t\t\t\t<span class=\"upvote-count\">\r\n\t\t\t\t\t\t\t\t\t6\t\t\t\t\t\t\t\t<\/span>\r\n\t\t\t\t\t\t\t<\/div>\r\n\t\t\t\t\t\t\t<!-- \/upvote section -->\r\n\r\n\t\t\t\t\t\t\t\t\t\t\t\t\r\n\t\t\t\t\t\t\t\t\t\t\t\t\r\n\t\t\t\t\t<\/li>\r\n\t\t\t\t\t\t\t\t\t\t\r\n\t\t\t\t\t<li id=\"item-139-9\" style=\"\">\r\n\t\t\t\t\t\t\t\t\t\t\t\t<!-- List Anchor -->\r\n\t\t\t\t\t\t<a  href=\"https:\/\/www.gms.sn\/projet-agropole-sud-mangue-anacarde-mais-comme-filieres-prioritaires\/\" target=\"_blank\">\r\n\r\n\t\t\t\t\t\t\t<!-- Image, If Present -->\r\n\t\t\t\t\t\t\t\t\t\t\t\t\t\t\t<span class=\"ca-icon list-img-1\">\r\n\t\t\t\t\t\t\t\t\t\t\t\t\t\t\t\t\t\t<img decoding=\"async\" src=\"https:\/\/observatoireadl.net\/siet\/wp-content\/uploads\/2023\/01\/link-150x150.png\" alt=\"Projet agropole sud : mangue, anacarde, ma\u00efs comme fili\u00e8res prioritaires\">\r\n\t\t\t\t\t\t\t\t<\/span>\r\n\t\t\t\t\t\t\t\r\n\t\t\t\t\t\t\t<!-- Link Text -->\r\n\t\t\t\t\t\t\t<div class=\"ca-content\">\r\n                                <h3 class=\"ca-main subtitle-absent\">\r\n\t\t\t\t\t\t\t\tProjet agropole sud : mangue, anacarde, ma\u00efs comme fili\u00e8res prioritaires                                <\/h3>\r\n                                \t                                <p class=\"ca-sub\">\r\n\t                                \t                                <\/p>\r\n\t                                                        <\/div>\r\n\r\n\t\t\t\t\t\t<\/a>\r\n\t\t\t\t\t\t\r\n\t\t\t\t\t\t\t<!-- upvote section -->\r\n\t\t\t\t\t\t\t<div class=\"upvote-section\">\r\n\t\t\t\t\t\t\t\t<span data-post-id=\"139\" data-item-title=\"Projet agropole sud : mangue, anacarde, ma\u00efs comme fili\u00e8res prioritaires\" data-item-link=\"https:\/\/www.gms.sn\/projet-agropole-sud-mangue-anacarde-mais-comme-filieres-prioritaires\/\" class=\"upvote-btn upvote-on\">\r\n\t\t\t\t\t\t\t\t\t<i class=\"fa fa-thumbs-up\"><\/i>\r\n\t\t\t\t\t\t\t\t<\/span>\r\n\t\t\t\t\t\t\t\t<span class=\"upvote-count\">\r\n\t\t\t\t\t\t\t\t\t5\t\t\t\t\t\t\t\t<\/span>\r\n\t\t\t\t\t\t\t<\/div>\r\n\t\t\t\t\t\t\t<!-- \/upvote section -->\r\n\r\n\t\t\t\t\t\t\t\t\t\t\t\t\r\n\t\t\t\t\t\t\t\t\t\t\t\t\r\n\t\t\t\t\t<\/li>\r\n\t\t\t\t\t\t\t\t\t\t\r\n\t\t\t\t\t<li id=\"item-139-10\" style=\"\">\r\n\t\t\t\t\t\t\t\t\t\t\t\t<!-- List Anchor -->\r\n\t\t\t\t\t\t<a  href=\"https:\/\/www.gms.sn\/valorisation-des-produits-de-la-casamance-letat-annonce-la-realisation-des-agropoles\/\" target=\"_blank\">\r\n\r\n\t\t\t\t\t\t\t<!-- Image, If Present -->\r\n\t\t\t\t\t\t\t\t\t\t\t\t\t\t\t<span class=\"ca-icon list-img-1\">\r\n\t\t\t\t\t\t\t\t\t\t\t\t\t\t\t\t\t\t<img decoding=\"async\" src=\"https:\/\/observatoireadl.net\/siet\/wp-content\/uploads\/2023\/01\/link-150x150.png\" alt=\"Valorisation des produits  de la Casamance: L\u2019\u00e9tat annonce la r\u00e9alisation  des agropoles\">\r\n\t\t\t\t\t\t\t\t<\/span>\r\n\t\t\t\t\t\t\t\r\n\t\t\t\t\t\t\t<!-- Link Text -->\r\n\t\t\t\t\t\t\t<div class=\"ca-content\">\r\n                                <h3 class=\"ca-main subtitle-absent\">\r\n\t\t\t\t\t\t\t\tValorisation des produits  de la Casamance: L\u2019\u00e9tat annonce la r\u00e9alisation  des agropoles                                <\/h3>\r\n                                \t                                <p class=\"ca-sub\">\r\n\t                                \t                                <\/p>\r\n\t                                                        <\/div>\r\n\r\n\t\t\t\t\t\t<\/a>\r\n\t\t\t\t\t\t\r\n\t\t\t\t\t\t\t<!-- upvote section -->\r\n\t\t\t\t\t\t\t<div class=\"upvote-section\">\r\n\t\t\t\t\t\t\t\t<span data-post-id=\"139\" data-item-title=\"Valorisation des produits  de la Casamance: L\u2019\u00e9tat annonce la r\u00e9alisation  des agropoles\" data-item-link=\"https:\/\/www.gms.sn\/valorisation-des-produits-de-la-casamance-letat-annonce-la-realisation-des-agropoles\/\" class=\"upvote-btn upvote-on\">\r\n\t\t\t\t\t\t\t\t\t<i class=\"fa fa-thumbs-up\"><\/i>\r\n\t\t\t\t\t\t\t\t<\/span>\r\n\t\t\t\t\t\t\t\t<span class=\"upvote-count\">\r\n\t\t\t\t\t\t\t\t\t3\t\t\t\t\t\t\t\t<\/span>\r\n\t\t\t\t\t\t\t<\/div>\r\n\t\t\t\t\t\t\t<!-- \/upvote section -->\r\n\r\n\t\t\t\t\t\t\t\t\t\t\t\t\r\n\t\t\t\t\t\t\t\t\t\t\t\t\r\n\t\t\t\t\t<\/li>\r\n\t\t\t\t\t\t\t\t\t\t\r\n\t\t\t\t\t<li id=\"item-139-11\" style=\"\">\r\n\t\t\t\t\t\t\t\t\t\t\t\t<!-- List Anchor -->\r\n\t\t\t\t\t\t<a  href=\"https:\/\/www.gms.sn\/ziguinchor-lancement-de-la-campagne-de-commercialisation-de-lanacarde-via-le-port\/\" target=\"_blank\">\r\n\r\n\t\t\t\t\t\t\t<!-- Image, If Present -->\r\n\t\t\t\t\t\t\t\t\t\t\t\t\t\t\t<span class=\"ca-icon list-img-1\">\r\n\t\t\t\t\t\t\t\t\t\t\t\t\t\t\t\t\t\t<img decoding=\"async\" src=\"https:\/\/observatoireadl.net\/siet\/wp-content\/uploads\/2023\/01\/link-150x150.png\" alt=\"Ziguinchor : Lancement de la campagne de commercialisation de l\u2019anacarde via le port\">\r\n\t\t\t\t\t\t\t\t<\/span>\r\n\t\t\t\t\t\t\t\r\n\t\t\t\t\t\t\t<!-- Link Text -->\r\n\t\t\t\t\t\t\t<div class=\"ca-content\">\r\n                                <h3 class=\"ca-main subtitle-absent\">\r\n\t\t\t\t\t\t\t\tZiguinchor : Lancement de la campagne de commercialisation de l\u2019anacarde via le port                                <\/h3>\r\n                                \t                                <p class=\"ca-sub\">\r\n\t                                \t                                <\/p>\r\n\t                                                        <\/div>\r\n\r\n\t\t\t\t\t\t<\/a>\r\n\t\t\t\t\t\t\r\n\t\t\t\t\t\t\t<!-- upvote section -->\r\n\t\t\t\t\t\t\t<div class=\"upvote-section\">\r\n\t\t\t\t\t\t\t\t<span data-post-id=\"139\" data-item-title=\"Ziguinchor : Lancement de la campagne de commercialisation de l\u2019anacarde via le port\" data-item-link=\"https:\/\/www.gms.sn\/ziguinchor-lancement-de-la-campagne-de-commercialisation-de-lanacarde-via-le-port\/\" class=\"upvote-btn upvote-on\">\r\n\t\t\t\t\t\t\t\t\t<i class=\"fa fa-thumbs-up\"><\/i>\r\n\t\t\t\t\t\t\t\t<\/span>\r\n\t\t\t\t\t\t\t\t<span class=\"upvote-count\">\r\n\t\t\t\t\t\t\t\t\t7\t\t\t\t\t\t\t\t<\/span>\r\n\t\t\t\t\t\t\t<\/div>\r\n\t\t\t\t\t\t\t<!-- \/upvote section -->\r\n\r\n\t\t\t\t\t\t\t\t\t\t\t\t\r\n\t\t\t\t\t\t\t\t\t\t\t\t\r\n\t\t\t\t\t<\/li>\r\n\t\t\t\t\t\t\t\t\t\t\r\n\t\t\t\t\t<li id=\"item-139-12\" style=\"\">\r\n\t\t\t\t\t\t\t\t\t\t\t\t<!-- List Anchor -->\r\n\t\t\t\t\t\t<a  href=\"https:\/\/www.gms.sn\/ziguinchor-ymca-engage-dans-la-creation-demplois-a-travers-son-projet-agricole-ampa-awagna\/\" target=\"_blank\">\r\n\r\n\t\t\t\t\t\t\t<!-- Image, If Present -->\r\n\t\t\t\t\t\t\t\t\t\t\t\t\t\t\t<span class=\"ca-icon list-img-1\">\r\n\t\t\t\t\t\t\t\t\t\t\t\t\t\t\t\t\t\t<img decoding=\"async\" src=\"https:\/\/observatoireadl.net\/siet\/wp-content\/uploads\/2023\/01\/link-150x150.png\" alt=\"Ziguinchor : YMCA engag\u00e9 dans la cr\u00e9ation d\u2019emplois \u00e0 travers son projet agricole \u00ab AMPA AWAGNA \u00bb\">\r\n\t\t\t\t\t\t\t\t<\/span>\r\n\t\t\t\t\t\t\t\r\n\t\t\t\t\t\t\t<!-- Link Text -->\r\n\t\t\t\t\t\t\t<div class=\"ca-content\">\r\n                                <h3 class=\"ca-main subtitle-absent\">\r\n\t\t\t\t\t\t\t\tZiguinchor : YMCA engag\u00e9 dans la cr\u00e9ation d\u2019emplois \u00e0 travers son projet agricole \u00ab AMPA AWAGNA \u00bb                                <\/h3>\r\n                                \t                                <p class=\"ca-sub\">\r\n\t                                \t                                <\/p>\r\n\t                                                        <\/div>\r\n\r\n\t\t\t\t\t\t<\/a>\r\n\t\t\t\t\t\t\r\n\t\t\t\t\t\t\t<!-- upvote section -->\r\n\t\t\t\t\t\t\t<div class=\"upvote-section\">\r\n\t\t\t\t\t\t\t\t<span data-post-id=\"139\" data-item-title=\"Ziguinchor : YMCA engag\u00e9 dans la cr\u00e9ation d\u2019emplois \u00e0 travers son projet agricole \u00ab AMPA AWAGNA \u00bb\" data-item-link=\"https:\/\/www.gms.sn\/ziguinchor-ymca-engage-dans-la-creation-demplois-a-travers-son-projet-agricole-ampa-awagna\/\" class=\"upvote-btn upvote-on\">\r\n\t\t\t\t\t\t\t\t\t<i class=\"fa fa-thumbs-up\"><\/i>\r\n\t\t\t\t\t\t\t\t<\/span>\r\n\t\t\t\t\t\t\t\t<span class=\"upvote-count\">\r\n\t\t\t\t\t\t\t\t\t8\t\t\t\t\t\t\t\t<\/span>\r\n\t\t\t\t\t\t\t<\/div>\r\n\t\t\t\t\t\t\t<!-- \/upvote section -->\r\n\r\n\t\t\t\t\t\t\t\t\t\t\t\t\r\n\t\t\t\t\t\t\t\t\t\t\t\t\r\n\t\t\t\t\t<\/li>\r\n\t\t\t\t\t\t\t\t\t\t\r\n\t\t\t\t\t<li id=\"item-139-13\" style=\"\">\r\n\t\t\t\t\t\t\t\t\t\t\t\t<!-- List Anchor -->\r\n\t\t\t\t\t\t<a  href=\"https:\/\/www.gms.sn\/medina-yoro-foulah-une-synergie-des-acteurs-preconisee-pour-mieux-harmoniser-les-interventions\/\" target=\"_blank\">\r\n\r\n\t\t\t\t\t\t\t<!-- Image, If Present -->\r\n\t\t\t\t\t\t\t\t\t\t\t\t\t\t\t<span class=\"ca-icon list-img-1\">\r\n\t\t\t\t\t\t\t\t\t\t\t\t\t\t\t\t\t\t<img decoding=\"async\" src=\"https:\/\/observatoireadl.net\/siet\/wp-content\/uploads\/2023\/01\/link-150x150.png\" alt=\"M\u00e9dina Yoro Foulah : Une synergie des acteurs pr\u00e9conis\u00e9e pour mieux harmoniser les interventions\">\r\n\t\t\t\t\t\t\t\t<\/span>\r\n\t\t\t\t\t\t\t\r\n\t\t\t\t\t\t\t<!-- Link Text -->\r\n\t\t\t\t\t\t\t<div class=\"ca-content\">\r\n                                <h3 class=\"ca-main subtitle-absent\">\r\n\t\t\t\t\t\t\t\tM\u00e9dina Yoro Foulah : Une synergie des acteurs pr\u00e9conis\u00e9e pour mieux harmoniser les interventions                                <\/h3>\r\n                                \t                                <p class=\"ca-sub\">\r\n\t                                \t                                <\/p>\r\n\t                                                        <\/div>\r\n\r\n\t\t\t\t\t\t<\/a>\r\n\t\t\t\t\t\t\r\n\t\t\t\t\t\t\t<!-- upvote section -->\r\n\t\t\t\t\t\t\t<div class=\"upvote-section\">\r\n\t\t\t\t\t\t\t\t<span data-post-id=\"139\" data-item-title=\"M\u00e9dina Yoro Foulah : Une synergie des acteurs pr\u00e9conis\u00e9e pour mieux harmoniser les interventions\" data-item-link=\"https:\/\/www.gms.sn\/medina-yoro-foulah-une-synergie-des-acteurs-preconisee-pour-mieux-harmoniser-les-interventions\/\" class=\"upvote-btn upvote-on\">\r\n\t\t\t\t\t\t\t\t\t<i class=\"fa fa-thumbs-up\"><\/i>\r\n\t\t\t\t\t\t\t\t<\/span>\r\n\t\t\t\t\t\t\t\t<span class=\"upvote-count\">\r\n\t\t\t\t\t\t\t\t\t5\t\t\t\t\t\t\t\t<\/span>\r\n\t\t\t\t\t\t\t<\/div>\r\n\t\t\t\t\t\t\t<!-- \/upvote section -->\r\n\r\n\t\t\t\t\t\t\t\t\t\t\t\t\r\n\t\t\t\t\t\t\t\t\t\t\t\t\r\n\t\t\t\t\t<\/li>\r\n\t\t\t\t\t\t\t\t\t\t\r\n\t\t\t\t\t<li id=\"item-139-14\" style=\"\">\r\n\t\t\t\t\t\t\t\t\t\t\t\t<!-- List Anchor -->\r\n\t\t\t\t\t\t<a  href=\"https:\/\/www.gms.sn\/le-maraichage-dans-la-commune-de-ziguinchor-un-moyen-de-survie-dans-la-banlieue\/\" target=\"_blank\">\r\n\r\n\t\t\t\t\t\t\t<!-- Image, If Present -->\r\n\t\t\t\t\t\t\t\t\t\t\t\t\t\t\t<span class=\"ca-icon list-img-1\">\r\n\t\t\t\t\t\t\t\t\t\t\t\t\t\t\t\t\t\t<img decoding=\"async\" src=\"https:\/\/observatoireadl.net\/siet\/wp-content\/uploads\/2023\/01\/link-150x150.png\" alt=\"Le mara\u00eechage dans la commune de Ziguinchor : Un moyen de survie dans la banlieue\">\r\n\t\t\t\t\t\t\t\t<\/span>\r\n\t\t\t\t\t\t\t\r\n\t\t\t\t\t\t\t<!-- Link Text -->\r\n\t\t\t\t\t\t\t<div class=\"ca-content\">\r\n                                <h3 class=\"ca-main subtitle-absent\">\r\n\t\t\t\t\t\t\t\tLe mara\u00eechage dans la commune de Ziguinchor : Un moyen de survie dans la banlieue                                <\/h3>\r\n                                \t                                <p class=\"ca-sub\">\r\n\t                                \t                                <\/p>\r\n\t                                                        <\/div>\r\n\r\n\t\t\t\t\t\t<\/a>\r\n\t\t\t\t\t\t\r\n\t\t\t\t\t\t\t<!-- upvote section -->\r\n\t\t\t\t\t\t\t<div class=\"upvote-section\">\r\n\t\t\t\t\t\t\t\t<span data-post-id=\"139\" data-item-title=\"Le mara\u00eechage dans la commune de Ziguinchor : Un moyen de survie dans la banlieue\" data-item-link=\"https:\/\/www.gms.sn\/le-maraichage-dans-la-commune-de-ziguinchor-un-moyen-de-survie-dans-la-banlieue\/\" class=\"upvote-btn upvote-on\">\r\n\t\t\t\t\t\t\t\t\t<i class=\"fa fa-thumbs-up\"><\/i>\r\n\t\t\t\t\t\t\t\t<\/span>\r\n\t\t\t\t\t\t\t\t<span class=\"upvote-count\">\r\n\t\t\t\t\t\t\t\t\t9\t\t\t\t\t\t\t\t<\/span>\r\n\t\t\t\t\t\t\t<\/div>\r\n\t\t\t\t\t\t\t<!-- \/upvote section -->\r\n\r\n\t\t\t\t\t\t\t\t\t\t\t\t\r\n\t\t\t\t\t\t\t\t\t\t\t\t\r\n\t\t\t\t\t<\/li>\r\n\t\t\t\t\t\t\t\t\t<\/ul>\r\n\r\n\t\t\t<\/div>\r\n\t\t<\/div>\r\n\r\n\t\t\r\n\t\t\r\n\t\t\r\n\r\n\t\t<div id=\"qcopd-list-4-775\" class=\"qc-grid-item qcopd-list-column opd-column-2 style-1 opd-list-id-775\">\r\n\r\n\t\t\t<div class=\"qcopd-single-list-1\">\r\n\t\t\t\t\r\n\t\t\t\t<h2>\r\n\t\t\t\t\tElevage Et Productions Animales\t\t\t\t<\/h2>\r\n\t\t\t\t<ul class=\"ca-menu\">\r\n\t\t\t\t\t\t\t\t\t\t\t\t\t\t\t\r\n\t\t\t\t\t<li id=\"item-775-1\" style=\"\">\r\n\t\t\t\t\t\t\t\t\t\t\t\t<!-- List Anchor -->\r\n\t\t\t\t\t\t<a  href=\"https:\/\/laviesenegalaise.com\/journee-nationale-de-lelevage-a-kolda-lambition-de-macky-sall-pour-le-pastoralisme\/\" target=\"_blank\">\r\n\r\n\t\t\t\t\t\t\t<!-- Image, If Present -->\r\n\t\t\t\t\t\t\t\t\t\t\t\t\t\t\t<span class=\"ca-icon list-img-1\">\r\n\t\t\t\t\t\t\t\t\t\t\t\t\t\t\t\t\t\t<img decoding=\"async\" src=\"https:\/\/observatoireadl.net\/siet\/wp-content\/uploads\/2023\/01\/link-150x150.png\" alt=\"ourn\u00e9e Nationale de l\u2019Elevage \u00e0 Kolda : l\u2019ambition de Macky Sall pour le pastoralisme\">\r\n\t\t\t\t\t\t\t\t<\/span>\r\n\t\t\t\t\t\t\t\r\n\t\t\t\t\t\t\t<!-- Link Text -->\r\n\t\t\t\t\t\t\t<div class=\"ca-content\">\r\n                                <h3 class=\"ca-main subtitle-absent\">\r\n\t\t\t\t\t\t\t\tourn\u00e9e Nationale de l\u2019Elevage \u00e0 Kolda : l\u2019ambition de Macky Sall pour le pastoralisme                                <\/h3>\r\n                                \t                                <p class=\"ca-sub\">\r\n\t                                \t                                <\/p>\r\n\t                                                        <\/div>\r\n\r\n\t\t\t\t\t\t<\/a>\r\n\t\t\t\t\t\t\r\n\t\t\t\t\t\t\t<!-- upvote section -->\r\n\t\t\t\t\t\t\t<div class=\"upvote-section\">\r\n\t\t\t\t\t\t\t\t<span data-post-id=\"775\" data-item-title=\"ourn\u00e9e Nationale de l\u2019Elevage \u00e0 Kolda : l\u2019ambition de Macky Sall pour le pastoralisme\" data-item-link=\"https:\/\/laviesenegalaise.com\/journee-nationale-de-lelevage-a-kolda-lambition-de-macky-sall-pour-le-pastoralisme\/\" class=\"upvote-btn upvote-on\">\r\n\t\t\t\t\t\t\t\t\t<i class=\"fa fa-thumbs-up\"><\/i>\r\n\t\t\t\t\t\t\t\t<\/span>\r\n\t\t\t\t\t\t\t\t<span class=\"upvote-count\">\r\n\t\t\t\t\t\t\t\t\t4\t\t\t\t\t\t\t\t<\/span>\r\n\t\t\t\t\t\t\t<\/div>\r\n\t\t\t\t\t\t\t<!-- \/upvote section -->\r\n\r\n\t\t\t\t\t\t\t\t\t\t\t\t\r\n\t\t\t\t\t\t\t\t\t\t\t\t\r\n\t\t\t\t\t<\/li>\r\n\t\t\t\t\t\t\t\t\t<\/ul>\r\n\r\n\t\t\t<\/div>\r\n\t\t<\/div>\r\n\r\n\t\t\r\n\t\t\r\n\t\t\r\n\r\n\t\t<div id=\"qcopd-list-5-776\" class=\"qc-grid-item qcopd-list-column opd-column-2 style-1 opd-list-id-776\">\r\n\r\n\t\t\t<div class=\"qcopd-single-list-1\">\r\n\t\t\t\t\r\n\t\t\t\t<h2>\r\n\t\t\t\t\tArtisanat\t\t\t\t<\/h2>\r\n\t\t\t\t<ul class=\"ca-menu\">\r\n\t\t\t\t\t\t\t\t\t\t\t\t\t\t\t\r\n\t\t\t\t\t<li id=\"item-776-1\" style=\"\">\r\n\t\t\t\t\t\t\t\t\t\t\t\t<!-- List Anchor -->\r\n\t\t\t\t\t\t<a  href=\"https:\/\/www.koldanews.com\/2018\/06\/24\/sanoussi-diakite-une-nouvelle-ere-souvre-autour-de-lartisanat-a-kolda-a850669.html\" target=\"_blank\">\r\n\r\n\t\t\t\t\t\t\t<!-- Image, If Present -->\r\n\t\t\t\t\t\t\t\t\t\t\t\t\t\t\t<span class=\"ca-icon list-img-1\">\r\n\t\t\t\t\t\t\t\t\t\t\t\t\t\t\t\t\t\t<img decoding=\"async\" src=\"https:\/\/observatoireadl.net\/siet\/wp-content\/uploads\/2023\/01\/link-150x150.png\" alt=\"Sanoussi Diakit\u00e9 : \u00ab Une nouvelle \u00e8re s\u2019ouvre autour de l\u2019artisanat \u00e0 Kolda \u00bb\">\r\n\t\t\t\t\t\t\t\t<\/span>\r\n\t\t\t\t\t\t\t\r\n\t\t\t\t\t\t\t<!-- Link Text -->\r\n\t\t\t\t\t\t\t<div class=\"ca-content\">\r\n                                <h3 class=\"ca-main subtitle-absent\">\r\n\t\t\t\t\t\t\t\tSanoussi Diakit\u00e9 : \u00ab Une nouvelle \u00e8re s\u2019ouvre autour de l\u2019artisanat \u00e0 Kolda \u00bb                                <\/h3>\r\n                                \t                                <p class=\"ca-sub\">\r\n\t                                \t                                <\/p>\r\n\t                                                        <\/div>\r\n\r\n\t\t\t\t\t\t<\/a>\r\n\t\t\t\t\t\t\r\n\t\t\t\t\t\t\t<!-- upvote section -->\r\n\t\t\t\t\t\t\t<div class=\"upvote-section\">\r\n\t\t\t\t\t\t\t\t<span data-post-id=\"776\" data-item-title=\"Sanoussi Diakit\u00e9 : \u00ab Une nouvelle \u00e8re s\u2019ouvre autour de l\u2019artisanat \u00e0 Kolda \u00bb\" data-item-link=\"https:\/\/www.koldanews.com\/2018\/06\/24\/sanoussi-diakite-une-nouvelle-ere-souvre-autour-de-lartisanat-a-kolda-a850669.html\" class=\"upvote-btn upvote-on\">\r\n\t\t\t\t\t\t\t\t\t<i class=\"fa fa-thumbs-up\"><\/i>\r\n\t\t\t\t\t\t\t\t<\/span>\r\n\t\t\t\t\t\t\t\t<span class=\"upvote-count\">\r\n\t\t\t\t\t\t\t\t\t16\t\t\t\t\t\t\t\t<\/span>\r\n\t\t\t\t\t\t\t<\/div>\r\n\t\t\t\t\t\t\t<!-- \/upvote section -->\r\n\r\n\t\t\t\t\t\t\t\t\t\t\t\t\r\n\t\t\t\t\t\t\t\t\t\t\t\t\r\n\t\t\t\t\t<\/li>\r\n\t\t\t\t\t\t\t\t\t\t\r\n\t\t\t\t\t<li id=\"item-776-2\" style=\"\">\r\n\t\t\t\t\t\t\t\t\t\t\t\t<!-- List Anchor -->\r\n\t\t\t\t\t\t<a  href=\"https:\/\/www.sudquotidien.sn\/artisanat-encadre-artisanat-letat-au-chevet-des-artisans-de-kolda\" target=\"_blank\">\r\n\r\n\t\t\t\t\t\t\t<!-- Image, If Present -->\r\n\t\t\t\t\t\t\t\t\t\t\t\t\t\t\t<span class=\"ca-icon list-img-1\">\r\n\t\t\t\t\t\t\t\t\t\t\t\t\t\t\t\t\t\t<img decoding=\"async\" src=\"https:\/\/observatoireadl.net\/siet\/wp-content\/uploads\/2023\/01\/link-150x150.png\" alt=\"Artisanat-encarde : artisanat : l\u2019Etat au chevet des artisans de Kolda\">\r\n\t\t\t\t\t\t\t\t<\/span>\r\n\t\t\t\t\t\t\t\r\n\t\t\t\t\t\t\t<!-- Link Text -->\r\n\t\t\t\t\t\t\t<div class=\"ca-content\">\r\n                                <h3 class=\"ca-main subtitle-absent\">\r\n\t\t\t\t\t\t\t\tArtisanat-encarde : artisanat : l\u2019Etat au chevet des artisans de Kolda                                <\/h3>\r\n                                \t                                <p class=\"ca-sub\">\r\n\t                                \t                                <\/p>\r\n\t                                                        <\/div>\r\n\r\n\t\t\t\t\t\t<\/a>\r\n\t\t\t\t\t\t\r\n\t\t\t\t\t\t\t<!-- upvote section -->\r\n\t\t\t\t\t\t\t<div class=\"upvote-section\">\r\n\t\t\t\t\t\t\t\t<span data-post-id=\"776\" data-item-title=\"Artisanat-encarde : artisanat : l\u2019Etat au chevet des artisans de Kolda\" data-item-link=\"https:\/\/www.sudquotidien.sn\/artisanat-encadre-artisanat-letat-au-chevet-des-artisans-de-kolda\" class=\"upvote-btn upvote-on\">\r\n\t\t\t\t\t\t\t\t\t<i class=\"fa fa-thumbs-up\"><\/i>\r\n\t\t\t\t\t\t\t\t<\/span>\r\n\t\t\t\t\t\t\t\t<span class=\"upvote-count\">\r\n\t\t\t\t\t\t\t\t\t5\t\t\t\t\t\t\t\t<\/span>\r\n\t\t\t\t\t\t\t<\/div>\r\n\t\t\t\t\t\t\t<!-- \/upvote section -->\r\n\r\n\t\t\t\t\t\t\t\t\t\t\t\t\r\n\t\t\t\t\t\t\t\t\t\t\t\t\r\n\t\t\t\t\t<\/li>\r\n\t\t\t\t\t\t\t\t\t<\/ul>\r\n\r\n\t\t\t<\/div>\r\n\t\t<\/div>\r\n\r\n\t\t\r\n\t\t\r\n\t\t\r\n\r\n\t\t<div id=\"qcopd-list-6-778\" class=\"qc-grid-item qcopd-list-column opd-column-2 style-1 opd-list-id-778\">\r\n\r\n\t\t\t<div class=\"qcopd-single-list-1\">\r\n\t\t\t\t\r\n\t\t\t\t<h2>\r\n\t\t\t\t\tPetites Et Moyennes Entreprises\t\t\t\t<\/h2>\r\n\t\t\t\t<ul class=\"ca-menu\">\r\n\t\t\t\t\t\t\t\t\t\t\t\t\t\t\t\r\n\t\t\t\t\t<li id=\"item-778-1\" style=\"\">\r\n\t\t\t\t\t\t\t\t\t\t\t\t<!-- List Anchor -->\r\n\t\t\t\t\t\t<a  href=\"https:\/\/www.dakaractu.com\/KOLDA-l-ADEPME-sensibilise-les-acteurs-economiques-sur-le-programme-ETER-visant-la-competitivite-des-PME-via-l-adoption_a223715.html\" target=\"_blank\">\r\n\r\n\t\t\t\t\t\t\t<!-- Image, If Present -->\r\n\t\t\t\t\t\t\t\t\t\t\t\t\t\t\t<span class=\"ca-icon list-img-1\">\r\n\t\t\t\t\t\t\t\t\t\t\t\t\t\t\t\t\t\t<img decoding=\"async\" src=\"https:\/\/observatoireadl.net\/siet\/wp-content\/uploads\/2023\/01\/link-150x150.png\" alt=\"Kolda: l&#039;ADEPME sensibilise les acteurs \u00e9conomiques sur le programme ETER \">\r\n\t\t\t\t\t\t\t\t<\/span>\r\n\t\t\t\t\t\t\t\r\n\t\t\t\t\t\t\t<!-- Link Text -->\r\n\t\t\t\t\t\t\t<div class=\"ca-content\">\r\n                                <h3 class=\"ca-main subtitle-absent\">\r\n\t\t\t\t\t\t\t\tKolda: l&#039;ADEPME sensibilise les acteurs \u00e9conomiques sur le programme ETER                                <\/h3>\r\n                                \t                                <p class=\"ca-sub\">\r\n\t                                \t                                <\/p>\r\n\t                                                        <\/div>\r\n\r\n\t\t\t\t\t\t<\/a>\r\n\t\t\t\t\t\t\r\n\t\t\t\t\t\t\t<!-- upvote section -->\r\n\t\t\t\t\t\t\t<div class=\"upvote-section\">\r\n\t\t\t\t\t\t\t\t<span data-post-id=\"778\" data-item-title=\"Kolda: l&#039;ADEPME sensibilise les acteurs \u00e9conomiques sur le programme ETER\" data-item-link=\"https:\/\/www.dakaractu.com\/KOLDA-l-ADEPME-sensibilise-les-acteurs-economiques-sur-le-programme-ETER-visant-la-competitivite-des-PME-via-l-adoption_a223715.html\" class=\"upvote-btn upvote-on\">\r\n\t\t\t\t\t\t\t\t\t<i class=\"fa fa-thumbs-up\"><\/i>\r\n\t\t\t\t\t\t\t\t<\/span>\r\n\t\t\t\t\t\t\t\t<span class=\"upvote-count\">\r\n\t\t\t\t\t\t\t\t\t6\t\t\t\t\t\t\t\t<\/span>\r\n\t\t\t\t\t\t\t<\/div>\r\n\t\t\t\t\t\t\t<!-- \/upvote section -->\r\n\r\n\t\t\t\t\t\t\t\t\t\t\t\t\r\n\t\t\t\t\t\t\t\t\t\t\t\t\r\n\t\t\t\t\t<\/li>\r\n\t\t\t\t\t\t\t\t\t\t\r\n\t\t\t\t\t<li id=\"item-778-2\" style=\"\">\r\n\t\t\t\t\t\t\t\t\t\t\t\t<!-- List Anchor -->\r\n\t\t\t\t\t\t<a  href=\"https:\/\/www.handicap.sn\/cuban-couple-tame-massive-rodent\/\" target=\"_blank\">\r\n\r\n\t\t\t\t\t\t\t<!-- Image, If Present -->\r\n\t\t\t\t\t\t\t\t\t\t\t\t\t\t\t<span class=\"ca-icon list-img-1\">\r\n\t\t\t\t\t\t\t\t\t\t\t\t\t\t\t\t\t\t<img decoding=\"async\" src=\"https:\/\/observatoireadl.net\/siet\/wp-content\/uploads\/2023\/01\/link-150x150.png\" alt=\"Kolda: Handicap International lance le Projet Insertion Professionnelle et Appui aux PME\">\r\n\t\t\t\t\t\t\t\t<\/span>\r\n\t\t\t\t\t\t\t\r\n\t\t\t\t\t\t\t<!-- Link Text -->\r\n\t\t\t\t\t\t\t<div class=\"ca-content\">\r\n                                <h3 class=\"ca-main subtitle-absent\">\r\n\t\t\t\t\t\t\t\tKolda: Handicap International lance le Projet Insertion Professionnelle et Appui aux PME                                <\/h3>\r\n                                \t                                <p class=\"ca-sub\">\r\n\t                                \t                                <\/p>\r\n\t                                                        <\/div>\r\n\r\n\t\t\t\t\t\t<\/a>\r\n\t\t\t\t\t\t\r\n\t\t\t\t\t\t\t<!-- upvote section -->\r\n\t\t\t\t\t\t\t<div class=\"upvote-section\">\r\n\t\t\t\t\t\t\t\t<span data-post-id=\"778\" data-item-title=\"Kolda: Handicap International lance le Projet Insertion Professionnelle et Appui aux PME\" data-item-link=\"https:\/\/www.handicap.sn\/cuban-couple-tame-massive-rodent\/\" class=\"upvote-btn upvote-on\">\r\n\t\t\t\t\t\t\t\t\t<i class=\"fa fa-thumbs-up\"><\/i>\r\n\t\t\t\t\t\t\t\t<\/span>\r\n\t\t\t\t\t\t\t\t<span class=\"upvote-count\">\r\n\t\t\t\t\t\t\t\t\t4\t\t\t\t\t\t\t\t<\/span>\r\n\t\t\t\t\t\t\t<\/div>\r\n\t\t\t\t\t\t\t<!-- \/upvote section -->\r\n\r\n\t\t\t\t\t\t\t\t\t\t\t\t\r\n\t\t\t\t\t\t\t\t\t\t\t\t\r\n\t\t\t\t\t<\/li>\r\n\t\t\t\t\t\t\t\t\t\t\r\n\t\t\t\t\t<li id=\"item-778-3\" style=\"\">\r\n\t\t\t\t\t\t\t\t\t\t\t\t<!-- List Anchor -->\r\n\t\t\t\t\t\t<a  href=\"http:\/\/ipar.sn\/SEDHIOU-ACCAPAREMENTS-MASSIFS-DES-TERRES-AUX-FINS-DE-L-AGROBUSINESS-VERS-DES.htm\" target=\"_blank\">\r\n\r\n\t\t\t\t\t\t\t<!-- Image, If Present -->\r\n\t\t\t\t\t\t\t\t\t\t\t\t\t\t\t<span class=\"ca-icon list-img-1\">\r\n\t\t\t\t\t\t\t\t\t\t\t\t\t\t\t\t\t\t<img decoding=\"async\" src=\"https:\/\/observatoireadl.net\/siet\/wp-content\/uploads\/2023\/01\/link-150x150.png\" alt=\"S\u00e9dhiou: Accaparement massifs des terres aux fins de l\u2019agrobusiness\">\r\n\t\t\t\t\t\t\t\t<\/span>\r\n\t\t\t\t\t\t\t\r\n\t\t\t\t\t\t\t<!-- Link Text -->\r\n\t\t\t\t\t\t\t<div class=\"ca-content\">\r\n                                <h3 class=\"ca-main subtitle-absent\">\r\n\t\t\t\t\t\t\t\tS\u00e9dhiou: Accaparement massifs des terres aux fins de l\u2019agrobusiness                                <\/h3>\r\n                                \t                                <p class=\"ca-sub\">\r\n\t                                \t                                <\/p>\r\n\t                                                        <\/div>\r\n\r\n\t\t\t\t\t\t<\/a>\r\n\t\t\t\t\t\t\r\n\t\t\t\t\t\t\t<!-- upvote section -->\r\n\t\t\t\t\t\t\t<div class=\"upvote-section\">\r\n\t\t\t\t\t\t\t\t<span data-post-id=\"778\" data-item-title=\"S\u00e9dhiou: Accaparement massifs des terres aux fins de l\u2019agrobusiness\" data-item-link=\"http:\/\/ipar.sn\/SEDHIOU-ACCAPAREMENTS-MASSIFS-DES-TERRES-AUX-FINS-DE-L-AGROBUSINESS-VERS-DES.htm\" class=\"upvote-btn upvote-on\">\r\n\t\t\t\t\t\t\t\t\t<i class=\"fa fa-thumbs-up\"><\/i>\r\n\t\t\t\t\t\t\t\t<\/span>\r\n\t\t\t\t\t\t\t\t<span class=\"upvote-count\">\r\n\t\t\t\t\t\t\t\t\t7\t\t\t\t\t\t\t\t<\/span>\r\n\t\t\t\t\t\t\t<\/div>\r\n\t\t\t\t\t\t\t<!-- \/upvote section -->\r\n\r\n\t\t\t\t\t\t\t\t\t\t\t\t\r\n\t\t\t\t\t\t\t\t\t\t\t\t\r\n\t\t\t\t\t<\/li>\r\n\t\t\t\t\t\t\t\t\t<\/ul>\r\n\r\n\t\t\t<\/div>\r\n\t\t<\/div>\r\n\r\n\t\t\r\n\t\t\r\n\t\t\r\n\r\n\t\t<div id=\"qcopd-list-7-779\" class=\"qc-grid-item qcopd-list-column opd-column-2 style-1 opd-list-id-779\">\r\n\r\n\t\t\t<div class=\"qcopd-single-list-1\">\r\n\t\t\t\t\r\n\t\t\t\t<h2>\r\n\t\t\t\t\tInfrastructures Et \u00c9quipements\t\t\t\t<\/h2>\r\n\t\t\t\t<ul class=\"ca-menu\">\r\n\t\t\t\t\t\t\t\t\t\t\t\t\t\t\t\r\n\t\t\t\t\t<li id=\"item-779-1\" style=\"\">\r\n\t\t\t\t\t\t\t\t\t\t\t\t<!-- List Anchor -->\r\n\t\t\t\t\t\t<a  href=\"https:\/\/www.gms.sn\/pont-de-marsassoum-linfrastructure-va-booster-le-developpement-de-la-localite\/\" target=\"_blank\">\r\n\r\n\t\t\t\t\t\t\t<!-- Image, If Present -->\r\n\t\t\t\t\t\t\t\t\t\t\t\t\t\t\t<span class=\"ca-icon list-img-1\">\r\n\t\t\t\t\t\t\t\t\t\t\t\t\t\t\t\t\t\t<img decoding=\"async\" src=\"https:\/\/observatoireadl.net\/siet\/wp-content\/uploads\/2023\/01\/link-150x150.png\" alt=\"Pont de Marsassoum: \u00ab L\u2019infrastructure va booster le d\u00e9veloppement de la localit\u00e9 \u00bb\">\r\n\t\t\t\t\t\t\t\t<\/span>\r\n\t\t\t\t\t\t\t\r\n\t\t\t\t\t\t\t<!-- Link Text -->\r\n\t\t\t\t\t\t\t<div class=\"ca-content\">\r\n                                <h3 class=\"ca-main subtitle-absent\">\r\n\t\t\t\t\t\t\t\tPont de Marsassoum: \u00ab L\u2019infrastructure va booster le d\u00e9veloppement de la localit\u00e9 \u00bb                                <\/h3>\r\n                                \t                                <p class=\"ca-sub\">\r\n\t                                \t                                <\/p>\r\n\t                                                        <\/div>\r\n\r\n\t\t\t\t\t\t<\/a>\r\n\t\t\t\t\t\t\r\n\t\t\t\t\t\t\t<!-- upvote section -->\r\n\t\t\t\t\t\t\t<div class=\"upvote-section\">\r\n\t\t\t\t\t\t\t\t<span data-post-id=\"779\" data-item-title=\"Pont de Marsassoum: \u00ab L\u2019infrastructure va booster le d\u00e9veloppement de la localit\u00e9 \u00bb\" data-item-link=\"https:\/\/www.gms.sn\/pont-de-marsassoum-linfrastructure-va-booster-le-developpement-de-la-localite\/\" class=\"upvote-btn upvote-on\">\r\n\t\t\t\t\t\t\t\t\t<i class=\"fa fa-thumbs-up\"><\/i>\r\n\t\t\t\t\t\t\t\t<\/span>\r\n\t\t\t\t\t\t\t\t<span class=\"upvote-count\">\r\n\t\t\t\t\t\t\t\t\t3\t\t\t\t\t\t\t\t<\/span>\r\n\t\t\t\t\t\t\t<\/div>\r\n\t\t\t\t\t\t\t<!-- \/upvote section -->\r\n\r\n\t\t\t\t\t\t\t\t\t\t\t\t\r\n\t\t\t\t\t\t\t\t\t\t\t\t\r\n\t\t\t\t\t<\/li>\r\n\t\t\t\t\t\t\t\t\t\t\r\n\t\t\t\t\t<li id=\"item-779-2\" style=\"\">\r\n\t\t\t\t\t\t\t\t\t\t\t\t<!-- List Anchor -->\r\n\t\t\t\t\t\t<a  href=\"https:\/\/www.gms.sn\/bientot-la-reconstruction-des-aeroports-de-ziguinchor-kolda-et-sedhiou-directeur-des-aeroportuaires\/\" target=\"_blank\">\r\n\r\n\t\t\t\t\t\t\t<!-- Image, If Present -->\r\n\t\t\t\t\t\t\t\t\t\t\t\t\t\t\t<span class=\"ca-icon list-img-1\">\r\n\t\t\t\t\t\t\t\t\t\t\t\t\t\t\t\t\t\t<img decoding=\"async\" src=\"https:\/\/observatoireadl.net\/siet\/wp-content\/uploads\/2023\/01\/link-150x150.png\" alt=\"Bient\u00f4t la reconstruction des a\u00e9roports de Ziguinchor, Kolda et S\u00e9dhiou (directeur des a\u00e9roportuaires)\">\r\n\t\t\t\t\t\t\t\t<\/span>\r\n\t\t\t\t\t\t\t\r\n\t\t\t\t\t\t\t<!-- Link Text -->\r\n\t\t\t\t\t\t\t<div class=\"ca-content\">\r\n                                <h3 class=\"ca-main subtitle-absent\">\r\n\t\t\t\t\t\t\t\tBient\u00f4t la reconstruction des a\u00e9roports de Ziguinchor, Kolda et S\u00e9dhiou (directeur des a\u00e9roportuaires)                                <\/h3>\r\n                                \t                                <p class=\"ca-sub\">\r\n\t                                \t                                <\/p>\r\n\t                                                        <\/div>\r\n\r\n\t\t\t\t\t\t<\/a>\r\n\t\t\t\t\t\t\r\n\t\t\t\t\t\t\t<!-- upvote section -->\r\n\t\t\t\t\t\t\t<div class=\"upvote-section\">\r\n\t\t\t\t\t\t\t\t<span data-post-id=\"779\" data-item-title=\"Bient\u00f4t la reconstruction des a\u00e9roports de Ziguinchor, Kolda et S\u00e9dhiou (directeur des a\u00e9roportuaires)\" data-item-link=\"https:\/\/www.gms.sn\/bientot-la-reconstruction-des-aeroports-de-ziguinchor-kolda-et-sedhiou-directeur-des-aeroportuaires\/\" class=\"upvote-btn upvote-on\">\r\n\t\t\t\t\t\t\t\t\t<i class=\"fa fa-thumbs-up\"><\/i>\r\n\t\t\t\t\t\t\t\t<\/span>\r\n\t\t\t\t\t\t\t\t<span class=\"upvote-count\">\r\n\t\t\t\t\t\t\t\t\t8\t\t\t\t\t\t\t\t<\/span>\r\n\t\t\t\t\t\t\t<\/div>\r\n\t\t\t\t\t\t\t<!-- \/upvote section -->\r\n\r\n\t\t\t\t\t\t\t\t\t\t\t\t\r\n\t\t\t\t\t\t\t\t\t\t\t\t\r\n\t\t\t\t\t<\/li>\r\n\t\t\t\t\t\t\t\t\t<\/ul>\r\n\r\n\t\t\t<\/div>\r\n\t\t<\/div>\r\n\r\n\t\t\r\n\t\t\r\n\t\t\r\n\r\n\t\t<div id=\"qcopd-list-8-780\" class=\"qc-grid-item qcopd-list-column opd-column-2 style-1 opd-list-id-780\">\r\n\r\n\t\t\t<div class=\"qcopd-single-list-1\">\r\n\t\t\t\t\r\n\t\t\t\t<h2>\r\n\t\t\t\t\tTourisme\t\t\t\t<\/h2>\r\n\t\t\t\t<ul class=\"ca-menu\">\r\n\t\t\t\t\t\t\t\t\t\t\t\t\t\t\t\r\n\t\t\t\t\t<li id=\"item-780-1\" style=\"\">\r\n\t\t\t\t\t\t\t\t\t\t\t\t<!-- List Anchor -->\r\n\t\t\t\t\t\t<a  href=\"https:\/\/lequotidien.sn\/diagnostic-dattractivite-pour-un-label-casamance\/\" target=\"_blank\">\r\n\r\n\t\t\t\t\t\t\t<!-- Image, If Present -->\r\n\t\t\t\t\t\t\t\t\t\t\t\t\t\t\t<span class=\"ca-icon list-img-1\">\r\n\t\t\t\t\t\t\t\t\t\t\t\t\t\t\t\t\t\t<img decoding=\"async\" src=\"https:\/\/observatoireadl.net\/siet\/wp-content\/uploads\/2023\/01\/link-150x150.png\" alt=\"Diagnostic d\u2019attractivit\u00e9 : Pour un label \u00abCasamance\u00bb\">\r\n\t\t\t\t\t\t\t\t<\/span>\r\n\t\t\t\t\t\t\t\r\n\t\t\t\t\t\t\t<!-- Link Text -->\r\n\t\t\t\t\t\t\t<div class=\"ca-content\">\r\n                                <h3 class=\"ca-main subtitle-absent\">\r\n\t\t\t\t\t\t\t\tDiagnostic d\u2019attractivit\u00e9 : Pour un label \u00abCasamance\u00bb                                <\/h3>\r\n                                \t                                <p class=\"ca-sub\">\r\n\t                                \t                                <\/p>\r\n\t                                                        <\/div>\r\n\r\n\t\t\t\t\t\t<\/a>\r\n\t\t\t\t\t\t\r\n\t\t\t\t\t\t\t<!-- upvote section -->\r\n\t\t\t\t\t\t\t<div class=\"upvote-section\">\r\n\t\t\t\t\t\t\t\t<span data-post-id=\"780\" data-item-title=\"Diagnostic d\u2019attractivit\u00e9 : Pour un label \u00abCasamance\u00bb\" data-item-link=\"https:\/\/lequotidien.sn\/diagnostic-dattractivite-pour-un-label-casamance\/\" class=\"upvote-btn upvote-on\">\r\n\t\t\t\t\t\t\t\t\t<i class=\"fa fa-thumbs-up\"><\/i>\r\n\t\t\t\t\t\t\t\t<\/span>\r\n\t\t\t\t\t\t\t\t<span class=\"upvote-count\">\r\n\t\t\t\t\t\t\t\t\t18\t\t\t\t\t\t\t\t<\/span>\r\n\t\t\t\t\t\t\t<\/div>\r\n\t\t\t\t\t\t\t<!-- \/upvote section -->\r\n\r\n\t\t\t\t\t\t\t\t\t\t\t\t\r\n\t\t\t\t\t\t\t\t\t\t\t\t\r\n\t\t\t\t\t<\/li>\r\n\t\t\t\t\t\t\t\t\t\t\r\n\t\t\t\t\t<li id=\"item-780-2\" style=\"\">\r\n\t\t\t\t\t\t\t\t\t\t\t\t<!-- List Anchor -->\r\n\t\t\t\t\t\t<a  href=\"https:\/\/www.gms.sn\/ziguinchor-ouverture-de-la-saison-touristique\/\" target=\"_blank\">\r\n\r\n\t\t\t\t\t\t\t<!-- Image, If Present -->\r\n\t\t\t\t\t\t\t\t\t\t\t\t\t\t\t<span class=\"ca-icon list-img-1\">\r\n\t\t\t\t\t\t\t\t\t\t\t\t\t\t\t\t\t\t<img decoding=\"async\" src=\"https:\/\/observatoireadl.net\/siet\/wp-content\/uploads\/2023\/01\/link-150x150.png\" alt=\"Ziguinchor : Ouverture de la saison touristique\u2026\">\r\n\t\t\t\t\t\t\t\t<\/span>\r\n\t\t\t\t\t\t\t\r\n\t\t\t\t\t\t\t<!-- Link Text -->\r\n\t\t\t\t\t\t\t<div class=\"ca-content\">\r\n                                <h3 class=\"ca-main subtitle-absent\">\r\n\t\t\t\t\t\t\t\tZiguinchor : Ouverture de la saison touristique\u2026                                <\/h3>\r\n                                \t                                <p class=\"ca-sub\">\r\n\t                                \t                                <\/p>\r\n\t                                                        <\/div>\r\n\r\n\t\t\t\t\t\t<\/a>\r\n\t\t\t\t\t\t\r\n\t\t\t\t\t\t\t<!-- upvote section -->\r\n\t\t\t\t\t\t\t<div class=\"upvote-section\">\r\n\t\t\t\t\t\t\t\t<span data-post-id=\"780\" data-item-title=\"Ziguinchor : Ouverture de la saison touristique\u2026\" data-item-link=\"https:\/\/www.gms.sn\/ziguinchor-ouverture-de-la-saison-touristique\/\" class=\"upvote-btn upvote-on\">\r\n\t\t\t\t\t\t\t\t\t<i class=\"fa fa-thumbs-up\"><\/i>\r\n\t\t\t\t\t\t\t\t<\/span>\r\n\t\t\t\t\t\t\t\t<span class=\"upvote-count\">\r\n\t\t\t\t\t\t\t\t\t5\t\t\t\t\t\t\t\t<\/span>\r\n\t\t\t\t\t\t\t<\/div>\r\n\t\t\t\t\t\t\t<!-- \/upvote section -->\r\n\r\n\t\t\t\t\t\t\t\t\t\t\t\t\r\n\t\t\t\t\t\t\t\t\t\t\t\t\r\n\t\t\t\t\t<\/li>\r\n\t\t\t\t\t\t\t\t\t<\/ul>\r\n\r\n\t\t\t<\/div>\r\n\t\t<\/div>\r\n\r\n\t\t\r\n\t\t\r\n\t\t\r\n\r\n\t\t<div id=\"qcopd-list-9-781\" class=\"qc-grid-item qcopd-list-column opd-column-2 style-1 opd-list-id-781\">\r\n\r\n\t\t\t<div class=\"qcopd-single-list-1\">\r\n\t\t\t\t\r\n\t\t\t\t<h2>\r\n\t\t\t\t\tTransport \/ D\u00e9senclavement\t\t\t\t<\/h2>\r\n\t\t\t\t<ul class=\"ca-menu\">\r\n\t\t\t\t\t\t\t\t\t\t\t\t\t\t\t\r\n\t\t\t\t\t<li id=\"item-781-1\" style=\"\">\r\n\t\t\t\t\t\t\t\t\t\t\t\t<!-- List Anchor -->\r\n\t\t\t\t\t\t<a  href=\"https:\/\/www.koldanews.com\/2013\/08\/27\/kolda-linsoutenable-calvaire-des-routes-a2495.html\" target=\"_blank\">\r\n\r\n\t\t\t\t\t\t\t<!-- Image, If Present -->\r\n\t\t\t\t\t\t\t\t\t\t\t\t\t\t\t<span class=\"ca-icon list-img-1\">\r\n\t\t\t\t\t\t\t\t\t\t\t\t\t\t\t\t\t\t<img decoding=\"async\" src=\"https:\/\/observatoireadl.net\/siet\/wp-content\/uploads\/2023\/01\/link-150x150.png\" alt=\"Kolda : L\u2019insoutenable calvaire des routes\">\r\n\t\t\t\t\t\t\t\t<\/span>\r\n\t\t\t\t\t\t\t\r\n\t\t\t\t\t\t\t<!-- Link Text -->\r\n\t\t\t\t\t\t\t<div class=\"ca-content\">\r\n                                <h3 class=\"ca-main subtitle-absent\">\r\n\t\t\t\t\t\t\t\tKolda : L\u2019insoutenable calvaire des routes                                <\/h3>\r\n                                \t                                <p class=\"ca-sub\">\r\n\t                                \t                                <\/p>\r\n\t                                                        <\/div>\r\n\r\n\t\t\t\t\t\t<\/a>\r\n\t\t\t\t\t\t\r\n\t\t\t\t\t\t\t<!-- upvote section -->\r\n\t\t\t\t\t\t\t<div class=\"upvote-section\">\r\n\t\t\t\t\t\t\t\t<span data-post-id=\"781\" data-item-title=\"Kolda : L\u2019insoutenable calvaire des routes\" data-item-link=\"https:\/\/www.koldanews.com\/2013\/08\/27\/kolda-linsoutenable-calvaire-des-routes-a2495.html\" class=\"upvote-btn upvote-on\">\r\n\t\t\t\t\t\t\t\t\t<i class=\"fa fa-thumbs-up\"><\/i>\r\n\t\t\t\t\t\t\t\t<\/span>\r\n\t\t\t\t\t\t\t\t<span class=\"upvote-count\">\r\n\t\t\t\t\t\t\t\t\t4\t\t\t\t\t\t\t\t<\/span>\r\n\t\t\t\t\t\t\t<\/div>\r\n\t\t\t\t\t\t\t<!-- \/upvote section -->\r\n\r\n\t\t\t\t\t\t\t\t\t\t\t\t\r\n\t\t\t\t\t\t\t\t\t\t\t\t\r\n\t\t\t\t\t<\/li>\r\n\t\t\t\t\t\t\t\t\t\t\r\n\t\t\t\t\t<li id=\"item-781-2\" style=\"\">\r\n\t\t\t\t\t\t\t\t\t\t\t\t<!-- List Anchor -->\r\n\t\t\t\t\t\t<a  href=\"https:\/\/www.sudquotidien.sn\/__trashed-157\/\" target=\"_blank\">\r\n\r\n\t\t\t\t\t\t\t<!-- Image, If Present -->\r\n\t\t\t\t\t\t\t\t\t\t\t\t\t\t\t<span class=\"ca-icon list-img-1\">\r\n\t\t\t\t\t\t\t\t\t\t\t\t\t\t\t\t\t\t<img decoding=\"async\" src=\"https:\/\/observatoireadl.net\/siet\/wp-content\/uploads\/2023\/01\/link-150x150.png\" alt=\"\u00ab S\u00e9dhiou entre dans l\u2019\u00e8re de la transformation et vers un futur de progr\u00e8s \u00bb (Mansour Faye)\">\r\n\t\t\t\t\t\t\t\t<\/span>\r\n\t\t\t\t\t\t\t\r\n\t\t\t\t\t\t\t<!-- Link Text -->\r\n\t\t\t\t\t\t\t<div class=\"ca-content\">\r\n                                <h3 class=\"ca-main subtitle-absent\">\r\n\t\t\t\t\t\t\t\t\u00ab S\u00e9dhiou entre dans l\u2019\u00e8re de la transformation et vers un futur de progr\u00e8s \u00bb (Mansour Faye)                                <\/h3>\r\n                                \t                                <p class=\"ca-sub\">\r\n\t                                \t                                <\/p>\r\n\t                                                        <\/div>\r\n\r\n\t\t\t\t\t\t<\/a>\r\n\t\t\t\t\t\t\r\n\t\t\t\t\t\t\t<!-- upvote section -->\r\n\t\t\t\t\t\t\t<div class=\"upvote-section\">\r\n\t\t\t\t\t\t\t\t<span data-post-id=\"781\" data-item-title=\"\u00ab S\u00e9dhiou entre dans l\u2019\u00e8re de la transformation et vers un futur de progr\u00e8s \u00bb (Mansour Faye)\" data-item-link=\"https:\/\/www.sudquotidien.sn\/__trashed-157\/\" class=\"upvote-btn upvote-on\">\r\n\t\t\t\t\t\t\t\t\t<i class=\"fa fa-thumbs-up\"><\/i>\r\n\t\t\t\t\t\t\t\t<\/span>\r\n\t\t\t\t\t\t\t\t<span class=\"upvote-count\">\r\n\t\t\t\t\t\t\t\t\t6\t\t\t\t\t\t\t\t<\/span>\r\n\t\t\t\t\t\t\t<\/div>\r\n\t\t\t\t\t\t\t<!-- \/upvote section -->\r\n\r\n\t\t\t\t\t\t\t\t\t\t\t\t\r\n\t\t\t\t\t\t\t\t\t\t\t\t\r\n\t\t\t\t\t<\/li>\r\n\t\t\t\t\t\t\t\t\t\t\r\n\t\t\t\t\t<li id=\"item-781-3\" style=\"\">\r\n\t\t\t\t\t\t\t\t\t\t\t\t<!-- List Anchor -->\r\n\t\t\t\t\t\t<a  href=\"https:\/\/www.gms.sn\/kolda-letat-renouvelle-le-parc-automobile-pour-le-transport-urbain\/\" target=\"_blank\">\r\n\r\n\t\t\t\t\t\t\t<!-- Image, If Present -->\r\n\t\t\t\t\t\t\t\t\t\t\t\t\t\t\t<span class=\"ca-icon list-img-1\">\r\n\t\t\t\t\t\t\t\t\t\t\t\t\t\t\t\t\t\t<img decoding=\"async\" src=\"https:\/\/observatoireadl.net\/siet\/wp-content\/uploads\/2023\/01\/link-150x150.png\" alt=\"Kolda : L\u2019Etat renouvelle le Parc automobile pour le transport urbain\">\r\n\t\t\t\t\t\t\t\t<\/span>\r\n\t\t\t\t\t\t\t\r\n\t\t\t\t\t\t\t<!-- Link Text -->\r\n\t\t\t\t\t\t\t<div class=\"ca-content\">\r\n                                <h3 class=\"ca-main subtitle-absent\">\r\n\t\t\t\t\t\t\t\tKolda : L\u2019Etat renouvelle le Parc automobile pour le transport urbain                                <\/h3>\r\n                                \t                                <p class=\"ca-sub\">\r\n\t                                \t                                <\/p>\r\n\t                                                        <\/div>\r\n\r\n\t\t\t\t\t\t<\/a>\r\n\t\t\t\t\t\t\r\n\t\t\t\t\t\t\t<!-- upvote section -->\r\n\t\t\t\t\t\t\t<div class=\"upvote-section\">\r\n\t\t\t\t\t\t\t\t<span data-post-id=\"781\" data-item-title=\"Kolda : L\u2019Etat renouvelle le Parc automobile pour le transport urbain\" data-item-link=\"https:\/\/www.gms.sn\/kolda-letat-renouvelle-le-parc-automobile-pour-le-transport-urbain\/\" class=\"upvote-btn upvote-on\">\r\n\t\t\t\t\t\t\t\t\t<i class=\"fa fa-thumbs-up\"><\/i>\r\n\t\t\t\t\t\t\t\t<\/span>\r\n\t\t\t\t\t\t\t\t<span class=\"upvote-count\">\r\n\t\t\t\t\t\t\t\t\t2\t\t\t\t\t\t\t\t<\/span>\r\n\t\t\t\t\t\t\t<\/div>\r\n\t\t\t\t\t\t\t<!-- \/upvote section -->\r\n\r\n\t\t\t\t\t\t\t\t\t\t\t\t\r\n\t\t\t\t\t\t\t\t\t\t\t\t\r\n\t\t\t\t\t<\/li>\r\n\t\t\t\t\t\t\t\t\t<\/ul>\r\n\r\n\t\t\t<\/div>\r\n\t\t<\/div>\r\n\r\n\t\t\r\n\t\t\r\n\t\t\r\n\r\n\t\t<div id=\"qcopd-list-10-785\" class=\"qc-grid-item qcopd-list-column opd-column-2 style-1 opd-list-id-785\">\r\n\r\n\t\t\t<div class=\"qcopd-single-list-1\">\r\n\t\t\t\t\r\n\t\t\t\t<h2>\r\n\t\t\t\t\tCommerce\t\t\t\t<\/h2>\r\n\t\t\t\t<ul class=\"ca-menu\">\r\n\t\t\t\t\t\t\t\t\t\t\t\t\t\t\t\r\n\t\t\t\t\t<li id=\"item-785-1\" style=\"\">\r\n\t\t\t\t\t\t\t\t\t\t\t\t<!-- List Anchor -->\r\n\t\t\t\t\t\t<a  href=\"https:\/\/www.koldanews.com\/2022\/11\/17\/baisse-des-prix-des-denrees-a-kolda-le-sac-de-riz-va-desormais-couter-16-750-f-a1565350.html\" target=\"_blank\">\r\n\r\n\t\t\t\t\t\t\t<!-- Image, If Present -->\r\n\t\t\t\t\t\t\t\t\t\t\t\t\t\t\t<span class=\"ca-icon list-img-1\">\r\n\t\t\t\t\t\t\t\t\t\t\t\t\t\t\t\t\t\t<img decoding=\"async\" src=\"https:\/\/observatoireadl.net\/siet\/wp-content\/uploads\/2023\/01\/link-150x150.png\" alt=\"Baisse des prix des denr\u00e9es \u00e0 Kolda : le sac de riz va d\u00e9sormais co\u00fbter 16 750 F\">\r\n\t\t\t\t\t\t\t\t<\/span>\r\n\t\t\t\t\t\t\t\r\n\t\t\t\t\t\t\t<!-- Link Text -->\r\n\t\t\t\t\t\t\t<div class=\"ca-content\">\r\n                                <h3 class=\"ca-main subtitle-absent\">\r\n\t\t\t\t\t\t\t\tBaisse des prix des denr\u00e9es \u00e0 Kolda : le sac de riz va d\u00e9sormais co\u00fbter 16 750 F                                <\/h3>\r\n                                \t                                <p class=\"ca-sub\">\r\n\t                                \t                                <\/p>\r\n\t                                                        <\/div>\r\n\r\n\t\t\t\t\t\t<\/a>\r\n\t\t\t\t\t\t\r\n\t\t\t\t\t\t\t<!-- upvote section -->\r\n\t\t\t\t\t\t\t<div class=\"upvote-section\">\r\n\t\t\t\t\t\t\t\t<span data-post-id=\"785\" data-item-title=\"Baisse des prix des denr\u00e9es \u00e0 Kolda : le sac de riz va d\u00e9sormais co\u00fbter 16 750 F\" data-item-link=\"https:\/\/www.koldanews.com\/2022\/11\/17\/baisse-des-prix-des-denrees-a-kolda-le-sac-de-riz-va-desormais-couter-16-750-f-a1565350.html\" class=\"upvote-btn upvote-on\">\r\n\t\t\t\t\t\t\t\t\t<i class=\"fa fa-thumbs-up\"><\/i>\r\n\t\t\t\t\t\t\t\t<\/span>\r\n\t\t\t\t\t\t\t\t<span class=\"upvote-count\">\r\n\t\t\t\t\t\t\t\t\t5\t\t\t\t\t\t\t\t<\/span>\r\n\t\t\t\t\t\t\t<\/div>\r\n\t\t\t\t\t\t\t<!-- \/upvote section -->\r\n\r\n\t\t\t\t\t\t\t\t\t\t\t\t\r\n\t\t\t\t\t\t\t\t\t\t\t\t\r\n\t\t\t\t\t<\/li>\r\n\t\t\t\t\t\t\t\t\t\t\r\n\t\t\t\t\t<li id=\"item-785-2\" style=\"\">\r\n\t\t\t\t\t\t\t\t\t\t\t\t<!-- List Anchor -->\r\n\t\t\t\t\t\t<a  href=\"https:\/\/www.koldanews.com\/2022\/11\/18\/campagne-arachidiere-le-prix-de-275-f-kg-juge-derisoire-par-les-producteurs-de-medina-yoro-foula-a1565566.html\" target=\"_blank\">\r\n\r\n\t\t\t\t\t\t\t<!-- Image, If Present -->\r\n\t\t\t\t\t\t\t\t\t\t\t\t\t\t\t<span class=\"ca-icon list-img-1\">\r\n\t\t\t\t\t\t\t\t\t\t\t\t\t\t\t\t\t\t<img decoding=\"async\" src=\"https:\/\/observatoireadl.net\/siet\/wp-content\/uploads\/2023\/01\/link-150x150.png\" alt=\"Campagne arachidi\u00e8re : le prix de 275 F \/Kg jug\u00e9 d\u00e9risoire par les producteurs de M\u00e9dina Yoro Foulah\">\r\n\t\t\t\t\t\t\t\t<\/span>\r\n\t\t\t\t\t\t\t\r\n\t\t\t\t\t\t\t<!-- Link Text -->\r\n\t\t\t\t\t\t\t<div class=\"ca-content\">\r\n                                <h3 class=\"ca-main subtitle-absent\">\r\n\t\t\t\t\t\t\t\tCampagne arachidi\u00e8re : le prix de 275 F \/Kg jug\u00e9 d\u00e9risoire par les producteurs de M\u00e9dina Yoro Foulah                                <\/h3>\r\n                                \t                                <p class=\"ca-sub\">\r\n\t                                \t                                <\/p>\r\n\t                                                        <\/div>\r\n\r\n\t\t\t\t\t\t<\/a>\r\n\t\t\t\t\t\t\r\n\t\t\t\t\t\t\t<!-- upvote section -->\r\n\t\t\t\t\t\t\t<div class=\"upvote-section\">\r\n\t\t\t\t\t\t\t\t<span data-post-id=\"785\" data-item-title=\"Campagne arachidi\u00e8re : le prix de 275 F \/Kg jug\u00e9 d\u00e9risoire par les producteurs de M\u00e9dina Yoro Foulah\" data-item-link=\"https:\/\/www.koldanews.com\/2022\/11\/18\/campagne-arachidiere-le-prix-de-275-f-kg-juge-derisoire-par-les-producteurs-de-medina-yoro-foula-a1565566.html\" class=\"upvote-btn upvote-on\">\r\n\t\t\t\t\t\t\t\t\t<i class=\"fa fa-thumbs-up\"><\/i>\r\n\t\t\t\t\t\t\t\t<\/span>\r\n\t\t\t\t\t\t\t\t<span class=\"upvote-count\">\r\n\t\t\t\t\t\t\t\t\t5\t\t\t\t\t\t\t\t<\/span>\r\n\t\t\t\t\t\t\t<\/div>\r\n\t\t\t\t\t\t\t<!-- \/upvote section -->\r\n\r\n\t\t\t\t\t\t\t\t\t\t\t\t\r\n\t\t\t\t\t\t\t\t\t\t\t\t\r\n\t\t\t\t\t<\/li>\r\n\t\t\t\t\t\t\t\t\t\t\r\n\t\t\t\t\t<li id=\"item-785-3\" style=\"\">\r\n\t\t\t\t\t\t\t\t\t\t\t\t<!-- List Anchor -->\r\n\t\t\t\t\t\t<a  href=\"https:\/\/www.gms.sn\/exploitation-de-la-mangue-en-casamance-une-convention-signee-entre-le-ministere-du-commerce-et-les-acteurs-de-la-filiere\/\" target=\"_blank\">\r\n\r\n\t\t\t\t\t\t\t<!-- Image, If Present -->\r\n\t\t\t\t\t\t\t\t\t\t\t\t\t\t\t<span class=\"ca-icon list-img-1\">\r\n\t\t\t\t\t\t\t\t\t\t\t\t\t\t\t\t\t\t<img decoding=\"async\" src=\"https:\/\/observatoireadl.net\/siet\/wp-content\/uploads\/2023\/01\/link-150x150.png\" alt=\"Exploitation de la mangue en Casamance : une convention sign\u00e9e entre le minist\u00e8re du commerce et les acteurs de la fili\u00e8re\">\r\n\t\t\t\t\t\t\t\t<\/span>\r\n\t\t\t\t\t\t\t\r\n\t\t\t\t\t\t\t<!-- Link Text -->\r\n\t\t\t\t\t\t\t<div class=\"ca-content\">\r\n                                <h3 class=\"ca-main subtitle-absent\">\r\n\t\t\t\t\t\t\t\tExploitation de la mangue en Casamance : une convention sign\u00e9e entre le minist\u00e8re du commerce et les acteurs de la fili\u00e8re                                <\/h3>\r\n                                \t                                <p class=\"ca-sub\">\r\n\t                                \t                                <\/p>\r\n\t                                                        <\/div>\r\n\r\n\t\t\t\t\t\t<\/a>\r\n\t\t\t\t\t\t\r\n\t\t\t\t\t\t\t<!-- upvote section -->\r\n\t\t\t\t\t\t\t<div class=\"upvote-section\">\r\n\t\t\t\t\t\t\t\t<span data-post-id=\"785\" data-item-title=\"Exploitation de la mangue en Casamance : une convention sign\u00e9e entre le minist\u00e8re du commerce et les acteurs de la fili\u00e8re\" data-item-link=\"https:\/\/www.gms.sn\/exploitation-de-la-mangue-en-casamance-une-convention-signee-entre-le-ministere-du-commerce-et-les-acteurs-de-la-filiere\/\" class=\"upvote-btn upvote-on\">\r\n\t\t\t\t\t\t\t\t\t<i class=\"fa fa-thumbs-up\"><\/i>\r\n\t\t\t\t\t\t\t\t<\/span>\r\n\t\t\t\t\t\t\t\t<span class=\"upvote-count\">\r\n\t\t\t\t\t\t\t\t\t4\t\t\t\t\t\t\t\t<\/span>\r\n\t\t\t\t\t\t\t<\/div>\r\n\t\t\t\t\t\t\t<!-- \/upvote section -->\r\n\r\n\t\t\t\t\t\t\t\t\t\t\t\t\r\n\t\t\t\t\t\t\t\t\t\t\t\t\r\n\t\t\t\t\t<\/li>\r\n\t\t\t\t\t\t\t\t\t<\/ul>\r\n\r\n\t\t\t<\/div>\r\n\t\t<\/div>\r\n\r\n\t\t\r\n\t\t<div class=\"sld-clearfix\"><\/div>\r\n\t\t\t<\/div>\r\n\t\t<div class=\"sld-clearfix\"><\/div>\r\n\t<\/div>\n","protected":false},"excerpt":{"rendered":"","protected":false},"author":1,"featured_media":0,"parent":0,"menu_order":76,"comment_status":"closed","ping_status":"closed","template":"","meta":{"_editorskit_title_hidden":false,"_editorskit_reading_time":0,"_editorskit_is_block_options_detached":false,"_editorskit_block_options_position":"{}","footnotes":""},"categories":[],"tags":[],"_links":{"self":[{"href":"https:\/\/observatoireadl.net\/siet\/wp-json\/wp\/v2\/pages\/136"}],"collection":[{"href":"https:\/\/observatoireadl.net\/siet\/wp-json\/wp\/v2\/pages"}],"about":[{"href":"https:\/\/observatoireadl.net\/siet\/wp-json\/wp\/v2\/types\/page"}],"author":[{"embeddable":true,"href":"https:\/\/observatoireadl.net\/siet\/wp-json\/wp\/v2\/users\/1"}],"replies":[{"embeddable":true,"href":"https:\/\/observatoireadl.net\/siet\/wp-json\/wp\/v2\/comments?post=136"}],"version-history":[{"count":0,"href":"https:\/\/observatoireadl.net\/siet\/wp-json\/wp\/v2\/pages\/136\/revisions"}],"wp:attachment":[{"href":"https:\/\/observatoireadl.net\/siet\/wp-json\/wp\/v2\/media?parent=136"}],"wp:term":[{"taxonomy":"category","embeddable":true,"href":"https:\/\/observatoireadl.net\/siet\/wp-json\/wp\/v2\/categories?post=136"},{"taxonomy":"post_tag","embeddable":true,"href":"https:\/\/observatoireadl.net\/siet\/wp-json\/wp\/v2\/tags?post=136"}],"curies":[{"name":"wp","href":"https:\/\/api.w.org\/{rel}","templated":true}]}}